{"id":12552,"date":"2026-06-08T11:20:29","date_gmt":"2026-06-08T09:20:29","guid":{"rendered":"https:\/\/kelimshop.com\/?post_type=product&#038;p=7281"},"modified":"2026-06-28T13:57:39","modified_gmt":"2026-06-28T11:57:39","slug":"handvaevet-kilim-kussenovertraek","status":"publish","type":"product","link":"https:\/\/kelimshop.com\/da\/vare\/handvaevet-kilim-kussenovertraek\/","title":{"rendered":"Handv\u00e6vet Kilim Kussenovertr\u00e6k"},"content":{"rendered":"<p class=\"font-claude-response-body break-words whitespace-normal leading-[1.7]\">Dette s\u00e6t af to h\u00e5ndv\u00e6vede kilim pude betr\u00e6k er bygget omkring en af de mest f\u00e6ngslende designid\u00e9er inden for kunstnerisk v\u00e6vning \u2014 splitpanelet. I stedet for at gentage et enkelt m\u00f8nster over hele overfladen, samler betr\u00e6kket to helt forskellige v\u00e6vsektioner side om side, hver med sin egen farvehistorie og tekstur, hvilket skaber en komposition, der er langt mere interessant end et konventionelt design nogensinde kunne v\u00e6re.<\/p>\n<p class=\"font-claude-response-body break-words whitespace-normal leading-[1.7]\">I mods\u00e6tning til mange kilim betr\u00e6k, der pr\u00e6senterer med dristige, m\u00e6ttede farver, tager dette s\u00e6t en mere stille, overvejet tilgang \u2014 og resultatet er langt mere f\u00e6ngslende af den grund. Paletten er k\u00f8lig, d\u00e6mpet og sofistikeret \u2014 en kombination af bl\u00f8d gr\u00e5, st\u00f8vet rose, dyb burgunder r\u00f8d, varm fl\u00f8de og n\u00e6sten sort kul, der f\u00f8les nutidig, tilbageholdt og virkelig elegant. Disse er betr\u00e6k, der passer til et designbevidst interi\u00f8r lige s\u00e5 naturligt som de ville g\u00f8re i et afslappet, lagdelt boheme rum.<\/p>\n<p class=\"font-claude-response-body break-words whitespace-normal leading-[1.7]\">Begge betr\u00e6k deler det samme dominerende nederste panel \u2014 et t\u00e6t felt af fine vertikale striber i k\u00f8lig s\u00f8lvgr\u00e5, dyb burgunder r\u00f8d og bl\u00f8d fl\u00f8de, v\u00e6vet t\u00e6t sammen i et smalt, rytmisk m\u00f8nster, der skaber en rig, n\u00e6sten tweed-lignende overflade tekstur. Striberne er fine og t\u00e6t pakket, hvilket giver panelet en visuel dybde og kompleksitet, der bel\u00f8nner n\u00e6rmere inspektion. P\u00e5 afstand l\u00e6ses den overordnede tone som en varm, d\u00e6mpet gr\u00e5. T\u00e6t p\u00e5 afsl\u00f8rer de enkelte striber i r\u00f8d, fl\u00f8de og gr\u00e5 sig i fuld, hvilket giver overfladen en lagdelt rigdom, der er helt karakteristisk for h\u00f8jkvalitets h\u00e5ndv\u00e6vet kilim arbejde.<\/p>\n<p class=\"font-claude-response-body break-words whitespace-normal leading-[1.7]\"><strong>Cover One<\/strong> introducerer en bred, dristig himmelbl\u00e5 vertikal stribe, der l\u00f8ber gennem midten af den fine stribe panel \u2014 et enkelt, selvsikkert strejf af cool farve, der l\u00f8fter hele kompositionen og tilf\u00f8jer en uventet friskhed til de d\u00e6mpede toner omkring. \u00d8verst sidder en bred antracit- og n\u00e6sten sort vandret blok rent over stribepanelet, hvilket indrammer det med m\u00f8rk, grafisk autoritet. En smal bane af lys gr\u00e5 og hvide fine striber adskiller de to sektioner med en delikat overgangsdetalje.<\/p>\n<p class=\"font-claude-response-body break-words whitespace-normal leading-[1.7]\"><strong>Cover Two<\/strong> tager en lidt anderledes tilgang, ved at erstatte den himmelbl\u00e5 accent med et bredere, mere varieret \u00f8verste panel. Den antracit sorte blok her er bredere og mere dominerende, og inkorporerer en smal sektion af lysegr\u00e5 fine striber og et lille panel af intrikate sort og hvide geometriske prikdetaljer \u2014 en subtil, men smukt udf\u00f8rt detalje, der taler til kilim-traditionen med at v\u00e6ve m\u00f8nster ind i hver tilg\u00e6ngelig overflade. Det nederste fine stribepanel k\u00f8rer i den samme k\u00f8lige gr\u00e5, r\u00f8de og creme rytme, der forankrer coveret med den samme stille, sofistikerede varme som sin ledsager.<\/p>\n<p class=\"font-claude-response-body break-words whitespace-normal leading-[1.7]\">Sammen skaber disse to covers et par, der er raffineret, sammenh\u00e6ngende og stille smukt \u2014 den slags s\u00e6t, der h\u00e6ver et rum gennem understatement frem for spektakel.<\/p>\n<p class=\"font-claude-response-body break-words whitespace-normal leading-[1.7]\"><strong>Funktioner<\/strong><\/p>\n<ul class=\"[li_&amp;]:mb-0 [li_&amp;]:mt-1 [li_&amp;]:gap-1 [&amp;:not(:last-child)_ul]:pb-1 [&amp;:not(:last-child)_ol]:pb-1 list-disc flex flex-col gap-1 pl-8 mb-3\">\n<li class=\"font-claude-response-body whitespace-normal break-words pl-2\">S\u00e6t med 2 h\u00e5ndv\u00e6vede kilim puder covers<\/li>\n<li class=\"font-claude-response-body whitespace-normal break-words pl-2\">T\u00e6t fin vertikal stribe nederste panel \u2014 cool gr\u00e5, dyb r\u00f8d og creme<\/li>\n<li class=\"font-claude-response-body whitespace-normal break-words pl-2\">Dristig antracit n\u00e6r-sorte horisontal farveblok \u00f8verste panel p\u00e5 begge covers<\/li>\n<li class=\"font-claude-response-body whitespace-normal break-words pl-2\">Cover 1: dristig himmelbl\u00e5 vertikal accentstribe gennem det fine stribepanel<\/li>\n<li class=\"font-claude-response-body whitespace-normal break-words pl-2\">Cover 2: bredere antracit blok med lysegr\u00e5 fine striber og geometrisk prikdetalje accent<\/li>\n<li class=\"font-claude-response-body whitespace-normal break-words pl-2\">H\u00e5ndv\u00e6vet naturlig uldkonstruktion<\/li>\n<li class=\"font-claude-response-body whitespace-normal break-words pl-2\">Creme piped kant finish<\/li>\n<li class=\"font-claude-response-body whitespace-normal break-words pl-2\">Kilimshop m\u00e6rket v\u00e6vet label<\/li>\n<li class=\"font-claude-response-body whitespace-normal break-words pl-2\">Skjult lynl\u00e5s lukning<\/li>\n<li class=\"font-claude-response-body whitespace-normal break-words pl-2\">Rensning anbefales<\/li>\n<\/ul>\n<p class=\"font-claude-response-body break-words whitespace-normal leading-[1.7]\"><strong>St\u00f8rrelse &amp; Specifikationer<\/strong><\/p>\n<ul class=\"[li_&amp;]:mb-0 [li_&amp;]:mt-1 [li_&amp;]:gap-1 [&amp;:not(:last-child)_ul]:pb-1 [&amp;:not(:last-child)_ol]:pb-1 list-disc flex flex-col gap-1 pl-8 mb-3\">\n<li class=\"font-claude-response-body whitespace-normal break-words pl-2\">St\u00f8rrelse: ca 45 x 45 cm (18&#8243; x 18&#8243;)<\/li>\n<li class=\"font-claude-response-body whitespace-normal break-words pl-2\">M\u00e6ngde: S\u00e6t med 2<\/li>\n<li class=\"font-claude-response-body whitespace-normal break-words pl-2\">Materiale: Naturlig Uld<\/li>\n<li class=\"font-claude-response-body whitespace-normal break-words pl-2\">Stil: Moderne Fin Stribe &amp; Farveblok<\/li>\n<li class=\"font-claude-response-body whitespace-normal break-words pl-2\">Farver: Cool Grey, Deep Burgundy Red, Cream, Charcoal Black, Sky Blue, Dusty Rose<\/li>\n<li class=\"font-claude-response-body whitespace-normal break-words pl-2\">Kantafslutning: Cream Piped Cord Edge<\/li>\n<li class=\"font-claude-response-body whitespace-normal break-words pl-2\">Lukning: Skjult Lynl\u00e5s<\/li>\n<li class=\"font-claude-response-body whitespace-normal break-words pl-2\">Pleje: Rensning anbefales<\/li>\n<\/ul>\n","protected":false},"excerpt":{"rendered":"<p>Et sofistikeret og understated s\u00e6t af to handv\u00e6vede kilim kussenovertr\u00e6k i en k\u00f8lig, d\u00e6mpet palette. Begge overtr\u00e6k har t\u00e6t pakket fine lodrette striber i k\u00f8lig gr\u00e5, dyb r\u00f8d og fl\u00f8de, hver toppet med et markant kul og n\u00e6sten sort farveblokpanel. Cover \u00e9t tilf\u00f8jer en sl\u00e5ende himmelbl\u00e5 accentstribe. Et raffineret, designf\u00f8rt par, der bringer stille dybde og kunstnerisk tekstur til ethvert interi\u00f8r.<\/p>\n","protected":false},"featured_media":7283,"comment_status":"closed","ping_status":"closed","template":"","meta":{"_acf_changed":false,"_gspb_post_css":"","jetpack_publicize_message":"{title}\n\n{excerpt}\n\n{url}","jetpack_publicize_feature_enabled":true,"jetpack_social_post_already_shared":true,"jetpack_social_options":{"image_generator_settings":{"template":"highway","default_image_id":0,"font":"","enabled":false},"version":2},"_wpas_customize_per_network":false},"product_brand":[],"product_cat":[1764,1778],"product_tag":[7713,3128,3124,3123,3125,3126,3003,3010,3130,2849,3013,3121,3127,3132,3129,3122,3016,3131],"class_list":["post-12552","product","type-product","status-publish","has-post-thumbnail","product_cat-kelim-puder","product_cat-moderne-kelim-puder","product_tag-45x45-cushion-cover","product_tag-daempet-pude-saet","product_tag-designer-pude","product_tag-dyb-roed-kilim-pude","product_tag-fint-stribede-pude","product_tag-graa-pude-cover","product_tag-kunstnerisk-pude","product_tag-haandvaevet-uld-pude","product_tag-himmelblaa-pude-accent","product_tag-kilim-hjemmedekoration","product_tag-kilim-pudebetraek-saet","product_tag-kul-pude-cover","product_tag-moderne-kilim-pude","product_tag-neddaempet-pude-cover","product_tag-neutral-hjem-dekoration","product_tag-moderne-kilim","product_tag-saet-af-2-pudebetraek","product_tag-sophisticated-kilim-pude","first","instock","sold-individually","shipping-taxable","purchasable","product-type-simple"],"bundled_by":[],"bundle_stock_status":"instock","bundle_stock_quantity":1,"bundle_virtual":false,"bundle_layout":"","bundle_add_to_cart_form_location":"","bundle_editable_in_cart":false,"bundle_sold_individually_context":"","bundle_item_grouping":"","bundle_min_size":"","bundle_max_size":"","bundle_price":[],"bundled_items":[],"bundle_sell_ids":[],"ct_brands":[],"acf":{"length":45,"width":45,"weight":0,"approximate_dimensions":true,"location":""},"jetpack_publicize_connections":[],"jetpack_sharing_enabled":true,"jetpack_likes_enabled":true,"_links":{"self":[{"href":"https:\/\/kelimshop.com\/da\/wp-json\/wp\/v2\/product\/12552","targetHints":{"allow":["GET"]}}],"collection":[{"href":"https:\/\/kelimshop.com\/da\/wp-json\/wp\/v2\/product"}],"about":[{"href":"https:\/\/kelimshop.com\/da\/wp-json\/wp\/v2\/types\/product"}],"replies":[{"embeddable":true,"href":"https:\/\/kelimshop.com\/da\/wp-json\/wp\/v2\/comments?post=12552"}],"wp:featuredmedia":[{"embeddable":true,"href":"https:\/\/kelimshop.com\/da\/wp-json\/wp\/v2\/media\/7283"}],"wp:attachment":[{"href":"https:\/\/kelimshop.com\/da\/wp-json\/wp\/v2\/media?parent=12552"}],"wp:term":[{"taxonomy":"product_brand","embeddable":true,"href":"https:\/\/kelimshop.com\/da\/wp-json\/wp\/v2\/product_brand?post=12552"},{"taxonomy":"product_cat","embeddable":true,"href":"https:\/\/kelimshop.com\/da\/wp-json\/wp\/v2\/product_cat?post=12552"},{"taxonomy":"product_tag","embeddable":true,"href":"https:\/\/kelimshop.com\/da\/wp-json\/wp\/v2\/product_tag?post=12552"}],"curies":[{"name":"wp","href":"https:\/\/api.w.org\/{rel}","templated":true}]}}