{"id":13136,"date":"2026-06-30T21:01:44","date_gmt":"2026-06-30T19:01:44","guid":{"rendered":"https:\/\/kelimshop.com\/product\/soft-trad-art-deco\/"},"modified":"2026-07-11T23:03:13","modified_gmt":"2026-07-11T21:03:13","slug":"blodt-art-deco-handknyttet-taeppe","status":"publish","type":"product","link":"https:\/\/kelimshop.com\/da\/vare\/blodt-art-deco-handknyttet-taeppe\/","title":{"rendered":"Bl\u00f8dt Art Deco H\u00e5ndknyttet T\u00e6ppe"},"content":{"rendered":"<p>Oplev den tidl\u00f8se elegance af dette bl\u00f8de Art Deco h\u00e5ndknyttede t\u00e6ppe, omhyggeligt h\u00e5ndknyttet af mesterh\u00e5ndv\u00e6rkere i Nordafghanistan, en region ber\u00f8mt for sit rige t\u00e6ppefremstillingsarv og exceptionelle h\u00e5ndv\u00e6rk. Soft Art Deco h\u00e5ndknyttede t\u00e6ppekollektion er blandt de mest anerkendte og efterspurgte t\u00e6ppestilarter, beundret for sine raffinerede geometriske m\u00f8nstre, sofistikerede farvepaletter og bem\u00e6rkelsesv\u00e6rdige kunstneriske detaljer. At skabe disse h\u00e5ndknyttede bl\u00f8de art deco t\u00e6pper kr\u00e6ver mange \u00e5rs erfaring, pr\u00e6cision og avancerede knotningsteknikker, der er g\u00e5et i arv gennem generationer af dygtige afghanske h\u00e5ndv\u00e6rkere. Hvert Soft Art Deco h\u00e5ndknyttede t\u00e6ppe er individuelt h\u00e5ndknyttet med us\u00e6dvanlig opm\u00e6rksomhed p\u00e5 detaljer, hvilket resulterer i et unikt stykke, der afspejler b\u00e5de tradition og moderne luksus. De subtile teksturer, harmoniske toner og elegante design g\u00f8r dette t\u00e6ppe til et exceptionelt valg til moderne, nutidige og klassiske interi\u00f8rer. Mere end et dekorativt element repr\u00e6senterer dette t\u00e6ppe en tradition for kunstnerisk skabelse og h\u00e5ndv\u00e6rk, der forvandler ethvert rum med varme, karakter og sofistikation. Hvert stykke er unikt og b\u00e6rer kunstnerens signaturf\u00e6rdigheder og den kulturelle arv fra Nordafghanistan. N\u00f8glefunktioner \u2705 Autentisk h\u00e5ndlavet afghansk t\u00e6ppe \u2705 Professionelt h\u00e5ndknyttet i Afghanistan \u2705 Eksklusiv Art Deco-kollektion \u2705 Raffinerede geometriske design \u2705 Premium naturlige materialer \u2705 Exceptionelt knotningh\u00e5ndv\u00e6rk \u2705 St\u00f8rrelse: 308 x 250 cm \u2705 Velegnet til stuer, sovev\u00e6relser, spisestuer og kontorer<\/p>\n","protected":false},"excerpt":{"rendered":"<p class=\"font-claude-response-body break-words whitespace-normal\">Dette fantastiske bl\u00f8de art deco h\u00e5ndknyttede T\u00e6ppe&nbsp;har et elegant stort floralt og botanisk motiv \u2014 graci\u00f8se roser, palmetter og svungne vintreb\u00e5nd \u2014 sat mod en smuk bl\u00f8d abrash baggrund. Den raffinerede kantramme fuldender kompositionen med stille klassisk elegance. H\u00e5ndknyttet af mestre kunsth\u00e5ndv\u00e6rkere i Afghanistan, er dette et helt unikt, enest\u00e5ende stykke.<\/p>\n<p class=\"font-claude-response-body break-words whitespace-normal\">St\u00f8rrelse: 308 x 250 cm | H\u00e5ndknyttet<\/p>\n","protected":false},"featured_media":13137,"comment_status":"closed","ping_status":"closed","template":"","meta":{"_acf_changed":false,"_gspb_post_css":"","jetpack_publicize_message":"{title}\n\n{excerpt}\n\n{url}","jetpack_publicize_feature_enabled":true,"jetpack_social_post_already_shared":true,"jetpack_social_options":{"image_generator_settings":{"template":"highway","default_image_id":0,"font":"","enabled":false},"version":2},"_wpas_customize_per_network":false},"product_brand":[],"product_cat":[3532,1682],"product_tag":[3910,3533,3535,3536,3537,3914,3539,3538,3540,3541,3918,3916,3912,3958,3917,3534,3911,3913,3915,3542],"class_list":["post-13136","product","type-product","status-publish","has-post-thumbnail","product_cat-art-deco-taepper","product_cat-handknyttede-taepper","product_tag-afghan-taeppe","product_tag-afghansk-taeppe","product_tag-art-deco-taeppe","product_tag-geometrisk-taeppe","product_tag-haandknyttet-taeppe","product_tag-haandlavet-afghansk-art-deco-taeppe","product_tag-haandlavet-gulvtaeppe","product_tag-haandlavet-taeppe","product_tag-hjem-decor","product_tag-indretningsdesign","product_tag-kontor-taeppe","product_tag-luksus-taeppe","product_tag-moderne-taeppe","product_tag-moderne-taeppe-2","product_tag-naturlig-uld","product_tag-omraadetaeppe","product_tag-sovevaerelse-taeppe","product_tag-spisestue-taeppe","product_tag-stue-taeppe","product_tag-uld-taeppe","first","instock","shipping-taxable","purchasable","product-type-simple"],"bundled_by":[],"bundle_stock_status":"instock","bundle_stock_quantity":1,"bundle_virtual":false,"bundle_layout":"","bundle_add_to_cart_form_location":"","bundle_editable_in_cart":false,"bundle_sold_individually_context":"","bundle_item_grouping":"","bundle_min_size":"","bundle_max_size":"","bundle_price":[],"bundled_items":[],"bundle_sell_ids":[],"ct_brands":[],"acf":{"length":308,"width":250,"weight":0,"approximate_dimensions":true,"location":"300x250 art deco"},"jetpack_publicize_connections":[],"jetpack_sharing_enabled":true,"jetpack_likes_enabled":true,"_links":{"self":[{"href":"https:\/\/kelimshop.com\/da\/wp-json\/wp\/v2\/product\/13136","targetHints":{"allow":["GET"]}}],"collection":[{"href":"https:\/\/kelimshop.com\/da\/wp-json\/wp\/v2\/product"}],"about":[{"href":"https:\/\/kelimshop.com\/da\/wp-json\/wp\/v2\/types\/product"}],"replies":[{"embeddable":true,"href":"https:\/\/kelimshop.com\/da\/wp-json\/wp\/v2\/comments?post=13136"}],"wp:featuredmedia":[{"embeddable":true,"href":"https:\/\/kelimshop.com\/da\/wp-json\/wp\/v2\/media\/13137"}],"wp:attachment":[{"href":"https:\/\/kelimshop.com\/da\/wp-json\/wp\/v2\/media?parent=13136"}],"wp:term":[{"taxonomy":"product_brand","embeddable":true,"href":"https:\/\/kelimshop.com\/da\/wp-json\/wp\/v2\/product_brand?post=13136"},{"taxonomy":"product_cat","embeddable":true,"href":"https:\/\/kelimshop.com\/da\/wp-json\/wp\/v2\/product_cat?post=13136"},{"taxonomy":"product_tag","embeddable":true,"href":"https:\/\/kelimshop.com\/da\/wp-json\/wp\/v2\/product_tag?post=13136"}],"curies":[{"name":"wp","href":"https:\/\/api.w.org\/{rel}","templated":true}]}}