{"id":12417,"date":"2026-06-26T20:41:34","date_gmt":"2026-06-26T18:41:34","guid":{"rendered":"https:\/\/kelimshop.com\/?post_type=product&#038;p=12393"},"modified":"2026-06-26T21:23:03","modified_gmt":"2026-06-26T19:23:03","slug":"el-yapimi-kilim-yastik-kilifi","status":"publish","type":"product","link":"https:\/\/kelimshop.com\/it\/prodotto\/el-yapimi-kilim-yastik-kilifi\/","title":{"rendered":"El Yap\u0131m\u0131 Kilim Yast\u0131k K\u0131l\u0131f\u0131"},"content":{"rendered":"<p class=\"font-claude-response-body break-words whitespace-normal\">Ke\u015ffedin, Afgan zanaatkarl\u0131\u011f\u0131n\u0131n otantik g\u00fczelli\u011fini, yetenekli zanaatkarlar taraf\u0131ndan elde dokunan bu muhte\u015fem kilim yast\u0131\u011f\u0131yla. Her par\u00e7a, y\u00fczy\u0131ll\u0131k bir dokuma gelene\u011finin ruhunu ta\u015f\u0131r ve bu, onu s\u0131radan bir dekoratif aksesuar olmaktan \u00e7ok daha fazlas\u0131 \u2014 bir sanat eseri haline getirir.<\/p>\n<p class=\"font-claude-response-body break-words whitespace-normal\">Bu kilim yast\u0131\u011f\u0131, derin antrasit siyah\u0131, s\u0131cak fildi\u015fi ve katmanl\u0131 gri tonlar\u0131ndan olu\u015fan bir paletle dokunan cesur bir \u00e7izgili desen sunuyor. \u00d6ne \u00e7\u0131kan merkez par\u00e7a, yumu\u015fak g\u00f6ky\u00fcz\u00fc mavisi ile imza gri Siyah \u00e7izgi aras\u0131nda yer alan benzersiz iki panel tasar\u0131m\u0131na sahiptir \u2014 biri yumu\u015fak g\u00f6ky\u00fcz\u00fc mavisinde, di\u011feri ise belirgin gri ve siyah \u00e7izgide, canl\u0131 mercan k\u0131rm\u0131z\u0131 bir yan bord\u00fcrle tamamlanm\u0131\u015ft\u0131r. \u0130ki yan yast\u0131k, ayn\u0131 \u015f\u0131k gri-siyah \u015ferit kompozisyonunu ta\u015f\u0131r ve g\u00fczelce koordine edilmi\u015f bir set olu\u015fturur.<\/p>\n<p class=\"font-claude-response-body break-words whitespace-normal\">S\u0131n\u0131r bantlar\u0131na dokunan ince geometrik elmas motifleri, ger\u00e7ek Afgan kilim sanat\u0131n\u0131 tan\u0131mlayan ayr\u0131nt\u0131l\u0131 detaylar\u0131 yans\u0131t\u0131r. D\u00fcz dokuma yap\u0131s\u0131, ola\u011fan\u00fcst\u00fc dayan\u0131kl\u0131l\u0131kla birlikte sert, dokulu bir y\u00fczey \u00fcretir.<\/p>\n<p class=\"font-claude-response-body break-words whitespace-normal\"><strong>Ana \u00d6zellikler:<\/strong><\/p>\n<ul class=\"[li_&amp;]:mb-0 [li_&amp;]:mt-1 [li_&amp;]:gap-1 [&amp;:not(:last-child)_ul]:pb-1 [&amp;:not(:last-child)_ol]:pb-1 list-disc flex flex-col gap-1 pl-8 mb-3\">\n<li class=\"font-claude-response-body whitespace-normal break-words pl-2\">%100 el yap\u0131m\u0131 Afgan kilim yast\u0131\u011f\u0131<\/li>\n<li class=\"font-claude-response-body whitespace-normal break-words pl-2\">Antrasit siyah\u0131, fildi\u015fi, gri, g\u00f6ky\u00fcz\u00fc mavi ve mercan k\u0131rm\u0131z\u0131 \u00e7izgili tasar\u0131m<\/li>\n<li class=\"font-claude-response-body whitespace-normal break-words pl-2\">Otantik d\u00fcz dokuma kilim yap\u0131s\u0131<\/li>\n<li class=\"font-claude-response-body whitespace-normal break-words pl-2\">Ayr\u0131nt\u0131l\u0131 geometrik elmas kenar detaylar\u0131<\/li>\n<li class=\"font-claude-response-body whitespace-normal break-words pl-2\">\u00dc\u00e7l\u00fc set olarak veya tekil olarak sat\u0131lmaktad\u0131r<\/li>\n<li class=\"font-claude-response-body whitespace-normal break-words pl-2\">Boho, tribal ve \u00e7a\u011fda\u015f i\u00e7 mekanlar i\u00e7in m\u00fckemmel<\/li>\n<\/ul>\n","protected":false},"excerpt":{"rendered":"<p>Un cuscino kilim fatto a mano dall&#8217;Afghanistan, tessuto a mano in un classico motivo a righe di nero carbone, avorio e grigio ardesia. Il pezzo centrale d&#8217;accento presenta una combinazione di colori vivaci blu cielo e rosso corallo per un punto focale sorprendente. Costruzione autentica a piatto tessuta con dettagli geometrici intricati \u2014 perfetta per uno stile domestico boho, eclettico e contemporaneo.<\/p>\n","protected":false},"featured_media":12397,"comment_status":"closed","ping_status":"closed","template":"","meta":{"_acf_changed":false,"_gspb_post_css":"","jetpack_publicize_message":"{title}\n\n{excerpt}\n\n{url}","jetpack_publicize_feature_enabled":true,"jetpack_social_post_already_shared":true,"jetpack_social_options":{"image_generator_settings":{"template":"highway","default_image_id":0,"font":"","enabled":false},"version":2},"_wpas_customize_per_network":false},"product_brand":[],"product_cat":[1768,1782],"product_tag":[2904,2886,2888,2887,2885,2907,2891,2892,2897,2895,2900,2901,2896,2905,2908,2898,2899,2909,2893,2903,4281,2902,2906,2894,2890,2910,2911,2889],"class_list":["post-12417","product","type-product","status-publish","has-post-thumbnail","product_cat-cuscini-kilim","product_cat-cuscini-kilim-moderni","product_tag-3-adet-kilim-yastigi-seti","product_tag-afgan-el-dokumasi-yastik","product_tag-afgan-kabile-yastigi","product_tag-afgan-kilim","product_tag-afgan-yastigi","product_tag-cizgili-kilim","product_tag-bohem-yastik","product_tag-boho-yastik","product_tag-duz-dokuma-kilim","product_tag-dekoratif-kilim-yastigi","product_tag-el-yapimi-afgan-yastigi","product_tag-el-yapimi-kilim-yastigi","product_tag-etnik-yastik","product_tag-gokyuzu-mavisi-kilim","product_tag-geleneksel-kilim-tasarimi","product_tag-geometrik-kilim-yastigi","product_tag-gri-kilim-yastigi","product_tag-kabile-yastigi","product_tag-komur-seritli-yastik","product_tag-kilim-ev-dekoru","product_tag-kilim-yastigi-2","product_tag-kilim-yastigi","product_tag-koltuk-kilim-yastigi","product_tag-mercankuru-vurgulu-yastik","product_tag-siyah-fildisi-yastik","product_tag-vintage-kilim","product_tag-yun-kilim-yastigi","product_tag-zanaatkar-yastik-kilifi","first","instock","sold-individually","shipping-taxable","purchasable","product-type-simple"],"bundled_by":[],"bundle_stock_status":"instock","bundle_stock_quantity":1,"bundle_virtual":false,"bundle_layout":"","bundle_add_to_cart_form_location":"","bundle_editable_in_cart":false,"bundle_sold_individually_context":"","bundle_item_grouping":"","bundle_min_size":"","bundle_max_size":"","bundle_price":[],"bundled_items":[],"bundle_sell_ids":[],"ct_brands":[],"acf":{"length":45,"width":45,"weight":0,"approximate_dimensions":true,"location":""},"jetpack_publicize_connections":[],"jetpack_sharing_enabled":true,"jetpack_likes_enabled":true,"_links":{"self":[{"href":"https:\/\/kelimshop.com\/it\/wp-json\/wp\/v2\/product\/12417","targetHints":{"allow":["GET"]}}],"collection":[{"href":"https:\/\/kelimshop.com\/it\/wp-json\/wp\/v2\/product"}],"about":[{"href":"https:\/\/kelimshop.com\/it\/wp-json\/wp\/v2\/types\/product"}],"replies":[{"embeddable":true,"href":"https:\/\/kelimshop.com\/it\/wp-json\/wp\/v2\/comments?post=12417"}],"wp:featuredmedia":[{"embeddable":true,"href":"https:\/\/kelimshop.com\/it\/wp-json\/wp\/v2\/media\/12397"}],"wp:attachment":[{"href":"https:\/\/kelimshop.com\/it\/wp-json\/wp\/v2\/media?parent=12417"}],"wp:term":[{"taxonomy":"product_brand","embeddable":true,"href":"https:\/\/kelimshop.com\/it\/wp-json\/wp\/v2\/product_brand?post=12417"},{"taxonomy":"product_cat","embeddable":true,"href":"https:\/\/kelimshop.com\/it\/wp-json\/wp\/v2\/product_cat?post=12417"},{"taxonomy":"product_tag","embeddable":true,"href":"https:\/\/kelimshop.com\/it\/wp-json\/wp\/v2\/product_tag?post=12417"}],"curies":[{"name":"wp","href":"https:\/\/api.w.org\/{rel}","templated":true}]}}