{"id":13482,"date":"2026-07-01T21:17:50","date_gmt":"2026-07-01T19:17:50","guid":{"rendered":"https:\/\/kelimshop.com\/product\/soft-art-deco\/"},"modified":"2026-07-11T23:04:06","modified_gmt":"2026-07-11T21:04:06","slug":"yumusak-art-deco-elde-dugumlu-hali-2","status":"publish","type":"product","link":"https:\/\/kelimshop.com\/it\/prodotto\/yumusak-art-deco-elde-dugumlu-hali-2\/","title":{"rendered":"Yumu\u015fak Art Deco Elde D\u00fc\u011f\u00fcml\u00fc Hal\u0131"},"content":{"rendered":"<p>Bu zamans\u0131z zarafeti deneyimleyin Soft Art Deco El Yap\u0131m\u0131 Hal\u0131, ustal\u0131kla Kuzey Afganistan&#8217;da, zengin hal\u0131 yap\u0131m miras\u0131 ve ola\u011fan\u00fcst\u00fc zanaatkarl\u0131\u011f\u0131 ile tan\u0131nan bir b\u00f6lge taraf\u0131ndan \u00f6zenle dokunmu\u015ftur. Soft Art Deco El Yap\u0131m\u0131 Hal\u0131 Koleksiyonu, ince geometrik desenleri, sofistike renk paletleri ve ola\u011fan\u00fcst\u00fc sanatsal detaylarla be\u011fenilen ve arzu edilen hal\u0131 stilleri aras\u0131nda yer almaktad\u0131r. Bu el yap\u0131m\u0131 Soft Art Deco hal\u0131lar\u0131 olu\u015fturmak, nesiller boyunca yetenekli Afgan zanaatkarlar\u0131 taraf\u0131ndan aktar\u0131lan y\u0131llar s\u00fcren deneyim, hassasiyet ve ileri d\u00fczey d\u00fc\u011f\u00fcm teknikleri gerektirir. Her Soft Art Deco El Yap\u0131m\u0131 Hal\u0131, s\u0131rad\u0131\u015f\u0131 ayr\u0131nt\u0131lara dikkat edilerek bireysel olarak el ile dokunarak, gelenek ve \u00e7a\u011fda\u015f l\u00fcks\u00fc yans\u0131tan benzersiz bir par\u00e7a olu\u015fturmaktad\u0131r. Nazik dokular, uyumlu tonlar ve zarif tasar\u0131m, bu hal\u0131y\u0131 modern, \u00e7a\u011fda\u015f ve klasik i\u00e7 mekanlar i\u00e7in ola\u011fan\u00fcst\u00fc bir se\u00e7im yapmakta. Sadece dekoratif bir unsur olmaktan daha fazlas\u0131, bu hal\u0131, herhangi bir alan\u0131 s\u0131cakl\u0131k, karakter ve zarafetle d\u00f6n\u00fc\u015ft\u00fcren bir sanat ve zanaatkarl\u0131k gelene\u011fini temsil etmektedir. Her par\u00e7a, zanaatkar\u0131n becerisinin ve Kuzey Afganistan&#8217;\u0131n k\u00fclt\u00fcrel miras\u0131n\u0131n imzas\u0131n\u0131 ta\u015f\u0131maktad\u0131r. Anahtar \u00d6zellikler \u2714\ufe0f \u00d6zg\u00fcn El Yap\u0131m\u0131 Afgan Hal\u0131s\u0131 \u2714\ufe0f Afganistan&#8217;da Usta El \u0130\u015fi D\u00fc\u011f\u00fcmlenmi\u015ftir \u2714\ufe0f \u00d6zel Art Deco Koleksiyonu \u2714\ufe0f \u0130nce Geometrik Tasar\u0131mlar \u2714\ufe0f Premium Do\u011fal Malzemeler \u2714\ufe0f Ola\u011fan\u00fcst\u00fc D\u00fc\u011f\u00fcm Zanaatkarl\u0131\u011f\u0131 \u2714\ufe0f Boyut: 302 x 249 cm \u2714\ufe0f Oturma Odalar\u0131, Yatak Odalar\u0131, Yemek Odalar\u0131 ve Ofisler i\u00e7in Uygun<\/p>\n","protected":false},"excerpt":{"rendered":"<p class=\"font-claude-response-body break-words whitespace-normal\">Bu muhte\u015fem Yumu\u015fak Art Deco elde d\u00fc\u011f\u00fcml\u00fc hal\u0131, Kuzey Afganistan&#8217;da ustaca yap\u0131lm\u0131\u015ft\u0131r. \u015e\u0131k geometrik desenler, sofistike renk tonlar\u0131 ve ola\u011fan\u00fcst\u00fc zanaatkarl\u0131k ile her hal\u0131, i\u00e7 mekana zamans\u0131z g\u00fczellik ve karakter katmak i\u00e7in tasarlanm\u0131\u015f benzersiz bir sanat eseridir.<\/p>\n<p class=\"font-claude-response-body break-words whitespace-normal\">Boyut: 302 x 249 cm | Elde d\u00fc\u011f\u00fcml\u00fc<\/p>\n","protected":false},"featured_media":13483,"comment_status":"closed","ping_status":"closed","template":"","meta":{"_acf_changed":false,"_gspb_post_css":"","jetpack_publicize_message":"{title}\n\n{excerpt}\n\n{url}","jetpack_publicize_feature_enabled":true,"jetpack_social_post_already_shared":true,"jetpack_social_options":{"image_generator_settings":{"template":"highway","default_image_id":0,"font":"","enabled":false},"version":2},"_wpas_customize_per_network":false},"product_brand":[],"product_cat":[3554,1685],"product_tag":[3556,3555,3932,3560,3558,3930,3557,3931,3929,3564,3935,3938,3934,3559,3561,3933,3936,3562,3563,3937],"class_list":["post-13482","product","type-product","status-publish","has-post-thumbnail","product_cat-art-deco-halilari","product_cat-tappeti-annodati-a-mano","product_tag-afgan-hali","product_tag-afgan-halisi","product_tag-el-yapimi-afgan-art-deco-hali","product_tag-el-dokuma-halisi","product_tag-art-deco-halisi","product_tag-cagdas-hali","product_tag-alan-halisi","product_tag-yemek-odasi-halisi","product_tag-yatak-odasi-halisi","product_tag-yun-hali","product_tag-luks-hali","product_tag-ofis-halisi","product_tag-oturma-odasi-halisi","product_tag-geometrik-hali","product_tag-el-yapimi-hali","product_tag-el-yapimi-hali-2","product_tag-modern-hali","product_tag-ev-dekorasyonu","product_tag-ic-tasarim","product_tag-dogal-yun","first","instock","shipping-taxable","purchasable","product-type-simple"],"bundled_by":[],"bundle_stock_status":"instock","bundle_stock_quantity":1,"bundle_virtual":false,"bundle_layout":"","bundle_add_to_cart_form_location":"","bundle_editable_in_cart":false,"bundle_sold_individually_context":"","bundle_item_grouping":"","bundle_min_size":"","bundle_max_size":"","bundle_price":[],"bundled_items":[],"bundle_sell_ids":[],"ct_brands":[],"acf":{"length":302,"width":249,"weight":0,"approximate_dimensions":false,"location":"300x250 art deco"},"jetpack_publicize_connections":[],"jetpack_sharing_enabled":true,"jetpack_likes_enabled":true,"_links":{"self":[{"href":"https:\/\/kelimshop.com\/it\/wp-json\/wp\/v2\/product\/13482","targetHints":{"allow":["GET"]}}],"collection":[{"href":"https:\/\/kelimshop.com\/it\/wp-json\/wp\/v2\/product"}],"about":[{"href":"https:\/\/kelimshop.com\/it\/wp-json\/wp\/v2\/types\/product"}],"replies":[{"embeddable":true,"href":"https:\/\/kelimshop.com\/it\/wp-json\/wp\/v2\/comments?post=13482"}],"wp:featuredmedia":[{"embeddable":true,"href":"https:\/\/kelimshop.com\/it\/wp-json\/wp\/v2\/media\/13483"}],"wp:attachment":[{"href":"https:\/\/kelimshop.com\/it\/wp-json\/wp\/v2\/media?parent=13482"}],"wp:term":[{"taxonomy":"product_brand","embeddable":true,"href":"https:\/\/kelimshop.com\/it\/wp-json\/wp\/v2\/product_brand?post=13482"},{"taxonomy":"product_cat","embeddable":true,"href":"https:\/\/kelimshop.com\/it\/wp-json\/wp\/v2\/product_cat?post=13482"},{"taxonomy":"product_tag","embeddable":true,"href":"https:\/\/kelimshop.com\/it\/wp-json\/wp\/v2\/product_tag?post=13482"}],"curies":[{"name":"wp","href":"https:\/\/api.w.org\/{rel}","templated":true}]}}