{"id":16030,"date":"2026-07-09T23:01:58","date_gmt":"2026-07-09T21:01:58","guid":{"rendered":"https:\/\/kelimshop.com\/product\/art-deco\/"},"modified":"2026-07-11T22:52:25","modified_gmt":"2026-07-11T20:52:25","slug":"olaganustu-art-deco-el-yapimi-hali-5","status":"publish","type":"product","link":"https:\/\/kelimshop.com\/it\/prodotto\/olaganustu-art-deco-el-yapimi-hali-5\/","title":{"rendered":"Ola\u011fan\u00fcst\u00fc Art Deco El Yap\u0131m\u0131 Hal\u0131"},"content":{"rendered":"<p class=\"font-claude-response-body break-words whitespace-normal\">Bu Ola\u011fan\u00fcst\u00fc Sanat Deco El Yap\u0131m\u0131 Hal\u0131n\u0131n ola\u011fan\u00fcst\u00fc sanat\u0131n\u0131 ke\u015ffedin, kuzey Afganistan&#8217;da yetenekli zanaatkarlar taraf\u0131ndan ustal\u0131kla d\u00fc\u011f\u00fcmlenen. Y\u00fczy\u0131ll\u0131k hal\u0131 dokuma gelene\u011fi ile e\u015fsiz i\u015f\u00e7ili\u011fin bulu\u015ftu\u011fu bu Ola\u011fan\u00fcst\u00fc Sanat Deco El Yap\u0131m\u0131 Hal\u0131, g\u00fcn\u00fcm\u00fczde mevcut olan en \u00fcnl\u00fc ve rafine hal\u0131 stillerinden biri olarak \u00f6ne \u00e7\u0131k\u0131yor.<\/p>\n<h3 class=\"text-text-100 mt-3 -mb-1 text-[1.125rem] font-bold\">Sanat Deco El Yap\u0131m\u0131 Y\u00fcn Hal\u0131 Ustal\u0131\u011f\u0131 ve Detaylar\u0131<\/h3>\n<p class=\"font-claude-response-body break-words whitespace-normal\">Her Ola\u011fan\u00fcst\u00fc Sanat Deco El Yap\u0131m\u0131 Hal\u0131, Afgan usta dokumac\u0131lar\u0131ndan nesilden nesile aktar\u0131lan titiz d\u00fc\u011f\u00fcm teknikleriyle y\u0131llarca s\u00fcren \u00f6zverili bir prati\u011fi gerektiren ola\u011fan\u00fcst\u00fc bir yetenek talep eder. Sonu\u00e7, her d\u00fc\u011f\u00fcm\u00fcn sab\u0131r, gelenek ve zanaat m\u00fckemmeliyetinin bir hikayesini anlatt\u0131\u011f\u0131 g\u00fczelce detayland\u0131r\u0131lm\u0131\u015f bir par\u00e7ad\u0131r. Sofistike desenler, do\u011fal dokular ve zarif ton harmonisi, bu hal\u0131y\u0131 modern, klasik veya \u00e7a\u011fda\u015f herhangi bir i\u00e7 mekana m\u00fckemmel bir katk\u0131 sa\u011flayan dikkate de\u011fer bir par\u00e7a haline getiriyor.<\/p>\n<h3 class=\"text-text-100 mt-3 -mb-1 text-[1.125rem] font-bold\">Bu Sanat Deco El Yap\u0131m\u0131 Y\u00fcn Hal\u0131n\u0131n Neden Evinizde Olmas\u0131 Gerekiyor<\/h3>\n<p class=\"font-claude-response-body break-words whitespace-normal\">G\u00f6rsel g\u00fczelli\u011finin \u00f6tesinde, bu hal\u0131, her el ile ba\u011flanm\u0131\u015f d\u00fc\u011f\u00fcmde zanaatkar\u0131n ki\u015fisel dokunu\u015funu ta\u015f\u0131yan ger\u00e7ek bir Afgan k\u00fclt\u00fcrel miras par\u00e7as\u0131d\u0131r.<\/p>\n<p class=\"font-claude-response-body break-words whitespace-normal\"><strong>\u2714\ufe0f Ana \u00d6zellikler:<\/strong><\/p>\n<ul class=\"[li_&amp;]:mb-0 [li_&amp;]:mt-1 [li_&amp;]:gap-1 [&amp;:not(:last-child)_ul]:pb-1 [&amp;:not(:last-child)_ol]:pb-1 list-disc flex flex-col gap-1 pl-8 mb-3\">\n<li class=\"font-claude-response-body whitespace-normal break-words pl-2\">\u00d6zel Sanat Deco El Yap\u0131m\u0131 Y\u00fcn Hal\u0131<\/li>\n<li class=\"font-claude-response-body whitespace-normal break-words pl-2\">Kuzey Afganistan&#8217;da ustaca d\u00fc\u011f\u00fcmlenmi\u015ftir<\/li>\n<li class=\"font-claude-response-body whitespace-normal break-words pl-2\">Sofistike geometrik ve botanik desenler<\/li>\n<li class=\"font-claude-response-body whitespace-normal break-words pl-2\">Premium do\u011fal y\u00fcn malzemeler<\/li>\n<li class=\"font-claude-response-body whitespace-normal break-words pl-2\">Ola\u011fan\u00fcst\u00fc d\u00fc\u011f\u00fcm hassasiyeti ve detay\u0131<\/li>\n<li class=\"font-claude-response-body whitespace-normal break-words pl-2\">Boyut: 298 x 249 cm<\/li>\n<li class=\"font-claude-response-body whitespace-normal break-words pl-2\">Oturma odalar\u0131, yatak odalar\u0131, yemek odalar\u0131 ve ofisler i\u00e7in m\u00fckemmel<\/li>\n<\/ul>\n","protected":false},"excerpt":{"rendered":"<p class=\"font-claude-response-body break-words whitespace-normal\">Bu Ola\u011fan\u00fcst\u00fc Art Deco El Yap\u0131m\u0131 Hal\u0131n\u0131n zamans\u0131z g\u00fczelli\u011fini, zarif \u00e7i\u00e7ek formlar\u0131n\u0131n, karma\u015f\u0131k palmetlerin ve ince bir \u015fekilde akan sarma\u015f\u0131k sarmallar\u0131n\u0131n muhte\u015fem bir bitkisel kompozisyonunu sergileyen, zengin dokulu yumu\u015fak abrash zemin \u00fczerinde g\u00f6zlemleyin. Klasik bir \u00e7er\u00e7eve t\u00fcm tasar\u0131m\u0131 zarif bir \u015fekilde \u00e7er\u00e7eveler. Her d\u00fc\u011f\u00fcm, Kuzey Afganistan&#8217;daki ustalar taraf\u0131ndan el ile ba\u011flanarak bu par\u00e7ay\u0131 ger\u00e7ekten de\u011fi\u015ftirilemez, benzersiz bir eser haline getirir.<\/p>\n<p>r<\/p>\n<p class=\"font-claude-response-body break-words whitespace-normal\"><strong>Boyut:<\/strong> 298 x 249 cm | Elmasall\u0131<\/p>\n","protected":false},"featured_media":16031,"comment_status":"closed","ping_status":"closed","template":"","meta":{"_acf_changed":false,"_gspb_post_css":"","jetpack_publicize_message":"{title}\n\n{excerpt}\n\n{url}","jetpack_publicize_feature_enabled":true,"jetpack_social_post_already_shared":true,"jetpack_social_options":{"image_generator_settings":{"template":"highway","default_image_id":0,"font":"","enabled":false},"version":2},"_wpas_customize_per_network":false},"product_brand":[],"product_cat":[2780,1652,1426],"product_tag":[3088,3094,3880,3090,3089,3883,3092,3888,3885,3091,3881,3887,3884,3093,3095,3087,3882,2067,3096,3886],"class_list":["post-16030","product","type-product","status-publish","has-post-thumbnail","product_cat-art-deco-rugs","product_cat-hand-knotted-carpets","product_cat-all-rugs","product_tag-afghan-rug","product_tag-afghan-carpet","product_tag-handmade-afghan-art-deco-rug","product_tag-hand-knotted-rug","product_tag-art-deco-rug","product_tag-contemporary-rug","product_tag-area-rug","product_tag-dining-room-rug","product_tag-bedroom-rug","product_tag-wool-rug","product_tag-luxury-rug","product_tag-office-rug","product_tag-living-room-rug","product_tag-geometric-rug","product_tag-handmade-carpet","product_tag-handmade-rug","product_tag-modern-rug","product_tag-home-decor","product_tag-interior-design","product_tag-natural-wool","first","instock","sale","shipping-taxable","purchasable","product-type-simple"],"bundled_by":[],"bundle_stock_status":"instock","bundle_stock_quantity":1,"bundle_virtual":false,"bundle_layout":"","bundle_add_to_cart_form_location":"","bundle_editable_in_cart":false,"bundle_sold_individually_context":"","bundle_item_grouping":"","bundle_min_size":"","bundle_max_size":"","bundle_price":[],"bundled_items":[],"bundle_sell_ids":[],"ct_brands":[],"acf":{"length":298,"width":249,"weight":0,"approximate_dimensions":true,"location":"300x250 art deco"},"jetpack_publicize_connections":[],"jetpack_sharing_enabled":true,"jetpack_likes_enabled":true,"_links":{"self":[{"href":"https:\/\/kelimshop.com\/it\/wp-json\/wp\/v2\/product\/16030","targetHints":{"allow":["GET"]}}],"collection":[{"href":"https:\/\/kelimshop.com\/it\/wp-json\/wp\/v2\/product"}],"about":[{"href":"https:\/\/kelimshop.com\/it\/wp-json\/wp\/v2\/types\/product"}],"replies":[{"embeddable":true,"href":"https:\/\/kelimshop.com\/it\/wp-json\/wp\/v2\/comments?post=16030"}],"wp:featuredmedia":[{"embeddable":true,"href":"https:\/\/kelimshop.com\/it\/wp-json\/wp\/v2\/media\/16031"}],"wp:attachment":[{"href":"https:\/\/kelimshop.com\/it\/wp-json\/wp\/v2\/media?parent=16030"}],"wp:term":[{"taxonomy":"product_brand","embeddable":true,"href":"https:\/\/kelimshop.com\/it\/wp-json\/wp\/v2\/product_brand?post=16030"},{"taxonomy":"product_cat","embeddable":true,"href":"https:\/\/kelimshop.com\/it\/wp-json\/wp\/v2\/product_cat?post=16030"},{"taxonomy":"product_tag","embeddable":true,"href":"https:\/\/kelimshop.com\/it\/wp-json\/wp\/v2\/product_tag?post=16030"}],"curies":[{"name":"wp","href":"https:\/\/api.w.org\/{rel}","templated":true}]}}