{"id":16518,"date":"2026-07-10T00:20:09","date_gmt":"2026-07-09T22:20:09","guid":{"rendered":"https:\/\/kelimshop.com\/product\/medallion-art-deco\/"},"modified":"2026-07-11T22:50:01","modified_gmt":"2026-07-11T20:50:01","slug":"madalyon-art-deco-el-yapimi-hali","status":"publish","type":"product","link":"https:\/\/kelimshop.com\/it\/prodotto\/madalyon-art-deco-el-yapimi-hali\/","title":{"rendered":"Madalyon Art Deco El Yap\u0131m\u0131 Hal\u0131"},"content":{"rendered":"<p class=\"font-claude-response-body break-words whitespace-normal\">Bu Medalyon Art Deco Elle D\u00fc\u011f\u00fcml\u00fc Hal\u0131n\u0131n ola\u011fan\u00fcst\u00fc sanat\u0131n\u0131 ke\u015ffedin, Kuzey Afganistan&#8217;daki yetenekli zanaatkarlar taraf\u0131ndan ustal\u0131kla elle d\u00fc\u011f\u00fcmlenmi\u015ftir. Burada y\u00fczy\u0131ll\u0131k hal\u0131 dokuma gelene\u011fi, e\u015fsiz bir zanaatk\u00e2rl\u0131kla bulu\u015fuyor. Bu Medalyon Art Deco Elle D\u00fc\u011f\u00fcml\u00fc Hal\u0131, g\u00fcn\u00fcm\u00fczde mevcut olan en \u00e7ok kutlanan ve rafine hal\u0131 stillerinden biri olarak \u00f6ne \u00e7\u0131kmaktad\u0131r.<\/p>\n<h3 class=\"text-text-100 mt-3 -mb-1 text-[1.125rem] font-bold\">Art Deco El Yap\u0131m\u0131 Y\u00fcn Hal\u0131 Ustal\u0131\u011f\u0131 ve Detaylar\u0131<\/h3>\n<p class=\"font-claude-response-body break-words whitespace-normal\">Her Medalyon Art Deco Elle D\u00fc\u011f\u00fcml\u00fc Hal\u0131, nesiller boyunca Afgan usta dokumac\u0131lardan miras al\u0131nan y\u0131llarca s\u00fcren \u00f6zverili pratik ve hassas d\u00fc\u011f\u00fcm teknikleri gerektiren ola\u011fan\u00fcst\u00fc bir beceri talep ediyor. Sonu\u00e7, her d\u00fc\u011f\u00fcm\u00fcn sab\u0131r, gelenek ve zanaat m\u00fckemmelli\u011fini anlatt\u0131\u011f\u0131 g\u00fczel detaylarla s\u00fcslenmi\u015f bir par\u00e7ad\u0131r. Sofistike desenler, do\u011fal dokular ve zarif ton harmonisi, bu hal\u0131y\u0131 herhangi bir i\u00e7 mek\u00e2na modern, klasik veya \u00e7a\u011fda\u015f olarak dikkate de\u011fer bir katk\u0131 sa\u011flar.<\/p>\n<h3 class=\"text-text-100 mt-3 -mb-1 text-[1.125rem] font-bold\">Bu Art Deco El Yap\u0131m\u0131 Y\u00fcn Hal\u0131s\u0131n\u0131n Neden Sizin Evde Olmas\u0131 Gerekti\u011fi<\/h3>\n<p class=\"font-claude-response-body break-words whitespace-normal\">G\u00f6rsel g\u00fczelli\u011finin \u00f6tesinde, bu hal\u0131, her elle ba\u011fl\u0131 d\u00fc\u011f\u00fcmde zanaatkar\u0131n ki\u015fisel dokunu\u015funu ta\u015f\u0131yan ger\u00e7ek bir Afgan k\u00fclt\u00fcrel miras\u0131d\u0131r.<\/p>\n<p class=\"font-claude-response-body break-words whitespace-normal\"><strong>\u2705 Ana \u00d6zellikler:<\/strong><\/p>\n<ul class=\"[li_&amp;]:mb-0 [li_&amp;]:mt-1 [li_&amp;]:gap-1 [&amp;:not(:last-child)_ul]:pb-1 [&amp;:not(:last-child)_ol]:pb-1 list-disc flex flex-col gap-1 pl-8 mb-3\">\n<li class=\"font-claude-response-body whitespace-normal break-words pl-2\">\u00d6zel Art Deco El Yap\u0131m\u0131 Y\u00fcn Hal\u0131<\/li>\n<li class=\"font-claude-response-body whitespace-normal break-words pl-2\">Kuzey Afganistan&#8217;da ustal\u0131kla elle d\u00fc\u011f\u00fcmlenmi\u015ftir<\/li>\n<li class=\"font-claude-response-body whitespace-normal break-words pl-2\">Sofistike geometrik ve botanik desenler<\/li>\n<li class=\"font-claude-response-body whitespace-normal break-words pl-2\">Premium do\u011fal y\u00fcn malzemeler<\/li>\n<li class=\"font-claude-response-body whitespace-normal break-words pl-2\">Ola\u011fan\u00fcst\u00fc d\u00fc\u011f\u00fcm hassasiyeti ve detay\u0131<\/li>\n<li class=\"font-claude-response-body whitespace-normal break-words pl-2\">Boyut: 296 x 249 cm<\/li>\n<li class=\"font-claude-response-body whitespace-normal break-words pl-2\">Oturma odalar\u0131, yatak odalar\u0131, yemek odalar\u0131 ve ofisler i\u00e7in m\u00fckemmeldir<\/li>\n<\/ul>\n","protected":false},"excerpt":{"rendered":"<p class=\"font-claude-response-body break-words whitespace-normal\">Bu Madalyon Art Deco El Yap\u0131m\u0131 Hal\u0131&#8217;n\u0131n zamans\u0131z g\u00fczelli\u011fini hayranl\u0131kla izleyin; zarif \u00e7i\u00e7ek formlar\u0131, karma\u015f\u0131k palmetler ve zarif bir \u015fekilde akan sarma\u015f\u0131k sarmalardan olu\u015fan nefes kesen bir botanik kompozisyon sergilemektedir. T\u00fcm tasar\u0131m\u0131 zarafetle \u00e7er\u00e7eveleyen ustal\u0131kla haz\u0131rlanm\u0131\u015f klasik bir kenarl\u0131k bulunmaktad\u0131r. Her d\u00fc\u011f\u00fcm, Kuzey Afganistan&#8217;daki usta zanaatkarlar taraf\u0131ndan el ile ba\u011flanm\u0131\u015f olup, bu da onu ger\u00e7ekten yerine konulamaz, e\u015fsiz bir par\u00e7a haline getirir.<\/p>\n<p>r<\/p>\n<p class=\"font-claude-response-body break-words whitespace-normal\"><strong>Boyut:<\/strong> 296 x 249 cm | El yap\u0131m\u0131<\/p>\n","protected":false},"featured_media":16519,"comment_status":"closed","ping_status":"closed","template":"","meta":{"_acf_changed":false,"_gspb_post_css":"","jetpack_publicize_message":"{title}\n\n{excerpt}\n\n{url}","jetpack_publicize_feature_enabled":true,"jetpack_social_post_already_shared":true,"jetpack_social_options":{"image_generator_settings":{"template":"highway","default_image_id":0,"font":"","enabled":false},"version":2},"_wpas_customize_per_network":false},"product_brand":[],"product_cat":[2780,1652,1426],"product_tag":[3088,3094,3880,3090,3089,3883,3092,3888,3885,3091,3881,3887,3884,3093,3095,3087,3882,2067,3096,3886],"class_list":["post-16518","product","type-product","status-publish","has-post-thumbnail","product_cat-art-deco-rugs","product_cat-hand-knotted-carpets","product_cat-all-rugs","product_tag-afghan-rug","product_tag-afghan-carpet","product_tag-handmade-afghan-art-deco-rug","product_tag-hand-knotted-rug","product_tag-art-deco-rug","product_tag-contemporary-rug","product_tag-area-rug","product_tag-dining-room-rug","product_tag-bedroom-rug","product_tag-wool-rug","product_tag-luxury-rug","product_tag-office-rug","product_tag-living-room-rug","product_tag-geometric-rug","product_tag-handmade-carpet","product_tag-handmade-rug","product_tag-modern-rug","product_tag-home-decor","product_tag-interior-design","product_tag-natural-wool","first","instock","sale","shipping-taxable","purchasable","product-type-simple"],"bundled_by":[],"bundle_stock_status":"instock","bundle_stock_quantity":1,"bundle_virtual":false,"bundle_layout":"","bundle_add_to_cart_form_location":"","bundle_editable_in_cart":false,"bundle_sold_individually_context":"","bundle_item_grouping":"","bundle_min_size":"","bundle_max_size":"","bundle_price":[],"bundled_items":[],"bundle_sell_ids":[],"ct_brands":[],"acf":{"length":296,"width":249,"weight":0,"approximate_dimensions":true,"location":"300x250 art deco"},"jetpack_publicize_connections":[],"jetpack_sharing_enabled":true,"jetpack_likes_enabled":true,"_links":{"self":[{"href":"https:\/\/kelimshop.com\/it\/wp-json\/wp\/v2\/product\/16518","targetHints":{"allow":["GET"]}}],"collection":[{"href":"https:\/\/kelimshop.com\/it\/wp-json\/wp\/v2\/product"}],"about":[{"href":"https:\/\/kelimshop.com\/it\/wp-json\/wp\/v2\/types\/product"}],"replies":[{"embeddable":true,"href":"https:\/\/kelimshop.com\/it\/wp-json\/wp\/v2\/comments?post=16518"}],"wp:featuredmedia":[{"embeddable":true,"href":"https:\/\/kelimshop.com\/it\/wp-json\/wp\/v2\/media\/16519"}],"wp:attachment":[{"href":"https:\/\/kelimshop.com\/it\/wp-json\/wp\/v2\/media?parent=16518"}],"wp:term":[{"taxonomy":"product_brand","embeddable":true,"href":"https:\/\/kelimshop.com\/it\/wp-json\/wp\/v2\/product_brand?post=16518"},{"taxonomy":"product_cat","embeddable":true,"href":"https:\/\/kelimshop.com\/it\/wp-json\/wp\/v2\/product_cat?post=16518"},{"taxonomy":"product_tag","embeddable":true,"href":"https:\/\/kelimshop.com\/it\/wp-json\/wp\/v2\/product_tag?post=16518"}],"curies":[{"name":"wp","href":"https:\/\/api.w.org\/{rel}","templated":true}]}}