{"id":8377,"date":"2026-06-07T22:35:28","date_gmt":"2026-06-07T20:35:28","guid":{"rendered":"https:\/\/kelimshop.com\/?post_type=product&#038;p=7191"},"modified":"2026-06-25T12:16:19","modified_gmt":"2026-06-25T10:16:19","slug":"handwoven-kilim-cushion-cover-43","status":"publish","type":"product","link":"https:\/\/kelimshop.com\/it\/prodotto\/handwoven-kilim-cushion-cover-43\/","title":{"rendered":"El Dokumas\u0131 Kilim Yast\u0131k K\u0131l\u0131f\u0131"},"content":{"rendered":"<p class=\"font-claude-response-body break-words whitespace-normal leading-[1.7]\">Bu el dokumas\u0131 kilim yast\u0131k k\u0131l\u0131f\u0131, ger\u00e7ek kilimden yap\u0131lm\u0131\u015ft\u0131r ve tamamen biriciktir. Her k\u0131l\u0131f, el dokumas\u0131 kilimin benzersiz bir b\u00f6l\u00fcm\u00fcnden kesilmi\u015f olup, g\u00f6rd\u00fc\u011f\u00fcn\u00fcz tam \u015ferit deseni, renk kombinasyonu ve dokuma dokusu bu tek par\u00e7aya \u00f6zeldir \u2014 bu, tam olarak ayn\u0131 \u015fekilde bir daha asla yeniden \u00fcretilmeyecektir.<\/p>\n<p class=\"font-claude-response-body break-words whitespace-normal leading-[1.7]\">Bu koleksiyondaki her k\u0131l\u0131f, kendine \u00f6zg\u00fc \u015ferit d\u00fczenlemeleri i\u00e7erir \u2014 geni\u015flik, ritim ve doku a\u00e7\u0131s\u0131ndan de\u011fi\u015fiklik g\u00f6sterir. Baz\u0131 k\u0131l\u0131flar, y\u00fczeyi cesur renk ge\u00e7i\u015fleriyle dolduran geni\u015f, belirgin bantlarla \u00f6ne \u00e7\u0131kar. Di\u011ferleri, daha yo\u011fun, ince \u015feritlerle doludur ve zengin, katmanl\u0131 bir g\u00f6rsel doku yarat\u0131r. Bir\u00e7ok k\u0131l\u0131f, hem geni\u015f \u015feritler hem de dar vurgu bantlar\u0131 ile \u00e7e\u015fitlendirilmi\u015ftir \u2014 bu da d\u00fc\u015f\u00fcn\u00fclm\u00fc\u015f ve \u00f6zenle yap\u0131lm\u0131\u015f bir kompozisyon olu\u015fturur, sadece tekrar edilenden ziyade. Asla tam olarak ayn\u0131 iki k\u0131l\u0131f yoktur ve bu bireysellik, her birini de\u011ferli k\u0131lan \u015feydir.<\/p>\n<p class=\"font-claude-response-body break-words whitespace-normal leading-[1.7]\">Dokuma, geleneksel el dokuma teknikleri kullan\u0131larak \u00fcretilmi\u015ftir ve ku\u015faklar boyunca kilim yap\u0131c\u0131lar\u0131 aras\u0131nda aktar\u0131lm\u0131\u015ft\u0131r. Do\u011fal y\u00fcn, y\u00fczeye hi\u00e7 bir makine yap\u0131m\u0131 alternatifin tekrarlayamayaca\u011f\u0131 s\u0131cakl\u0131k ve dokunsal derinlik kazand\u0131r\u0131r. Elinizi \u00fczerinde gezdirdi\u011finizde, gerilimdeki hafif de\u011fi\u015fiklikleri, \u015ferit kenarlar\u0131ndaki d\u00fcr\u00fcst d\u00fczensizlikleri, dokuman\u0131n yo\u011funlu\u011funu hissedersiniz \u2014 t\u00fcm bunlar, bir insan elinin \u00e7al\u0131\u015fmas\u0131n\u0131n sessiz kan\u0131tlar\u0131d\u0131r. Bunlar kusur de\u011fil, otantik zanaatin imzas\u0131d\u0131r.<\/p>\n<p class=\"font-claude-response-body break-words whitespace-normal leading-[1.7]\">\u015eerit deseni, ev dekorasyonundaki en \u00e7ok y\u00f6nl\u00fc desenlerden biridir ve geni\u015f bir i\u00e7 mekan tarz\u0131yla zahmetsizce uyum sa\u011flar. Eviniz \u0130skandinav minimalizmine, bohem eklektisizme, k\u0131y\u0131sal sakinli\u011fe, k\u0131rsal s\u0131cakl\u0131\u011fa veya \u00e7a\u011fda\u015f tasar\u0131ma e\u011filim g\u00f6steriyorsa, iyi yap\u0131lm\u0131\u015f bir \u015ferit kilim yast\u0131k k\u0131l\u0131f\u0131 do\u011fal olarak yerini bulur. Bunu basit, kendinden emin bir vurgu olarak tek ba\u015f\u0131na stilize edebilir veya di\u011fer kilim k\u0131l\u0131flar\u0131yla bir araya getirerek zengin, seyahat edilmi\u015f bir estetik yaratabilirsiniz.<\/p>\n<p class=\"font-claude-response-body break-words whitespace-normal leading-[1.7]\">Uzun \u00f6m\u00fcrl\u00fc olacak \u015fekilde dizayn edildi, beraber ya\u015famak i\u00e7in g\u00fczeldir \u2014 bu, yaln\u0131zca zamanla daha iyi hale gelen bir t\u00fcr g\u00fcndelik nesnedir.<\/p>\n<p class=\"font-claude-response-body break-words whitespace-normal leading-[1.7]\"><strong>\u00d6zellikler<\/strong><\/p>\n<ul class=\"[li_&amp;]:mb-0 [li_&amp;]:mt-1 [li_&amp;]:gap-1 [&amp;:not(:last-child)_ul]:pb-1 [&amp;:not(:last-child)_ol]:pb-1 list-disc flex flex-col gap-1 pl-8 mb-3\">\n<li class=\"font-claude-response-body whitespace-normal break-words pl-2\">Tek el dokuma kilim yast\u0131k k\u0131l\u0131f\u0131<\/li>\n<li class=\"font-claude-response-body whitespace-normal break-words pl-2\">E\u015fsiz \u015ferit deseni \u2014 her k\u0131l\u0131f bireysel olarak farkl\u0131<\/li>\n<li class=\"font-claude-response-body whitespace-normal break-words pl-2\">Do\u011fal g\u00f6rsel ritim ve derinlik i\u00e7in de\u011fi\u015fen \u015ferit geni\u015flikleri<\/li>\n<li class=\"font-claude-response-body whitespace-normal break-words pl-2\">Ger\u00e7ek el dokumas\u0131 do\u011fal y\u00fcn yap\u0131s\u0131<\/li>\n<li class=\"font-claude-response-body whitespace-normal break-words pl-2\">Ger\u00e7ek sanatkar dokusu ile d\u00fcz dokuma y\u00fczey<\/li>\n<li class=\"font-claude-response-body whitespace-normal break-words pl-2\">Kenarlar\u0131 pipetli iplik ile bitirilmi\u015f<\/li>\n<li class=\"font-claude-response-body whitespace-normal break-words pl-2\">Kilimshop markal\u0131 dokuma etiket<\/li>\n<li class=\"font-claude-response-body whitespace-normal break-words pl-2\">Gizli fermuarl\u0131 kapan\u0131\u015f<\/li>\n<li class=\"font-claude-response-body whitespace-normal break-words pl-2\">Standart yast\u0131k i\u00e7i ile uyumlu<\/li>\n<li class=\"font-claude-response-body whitespace-normal break-words pl-2\">Kuru temizleme \u00f6nerilir<\/li>\n<\/ul>\n<p class=\"font-claude-response-body break-words whitespace-normal leading-[1.7]\"><strong>Boyut &amp; \u00d6zellikler<\/strong><\/p>\n<ul class=\"[li_&amp;]:mb-0 [li_&amp;]:mt-1 [li_&amp;]:gap-1 [&amp;:not(:last-child)_ul]:pb-1 [&amp;:not(:last-child)_ol]:pb-1 list-disc flex flex-col gap-1 pl-8 mb-3\">\n<li class=\"font-claude-response-body whitespace-normal break-words pl-2\">Boyut:&nbsp; 50 x 50 cm (20&#8243; x 20&#8243;)<\/li>\n<li class=\"font-claude-response-body whitespace-normal break-words pl-2\">Miktar: Tek K\u0131l\u0131f<\/li>\n<li class=\"font-claude-response-body whitespace-normal break-words pl-2\">Malzeme: Do\u011fal Y\u00fcn<\/li>\n<li class=\"font-claude-response-body whitespace-normal break-words pl-2\">Stil: El Dokumas\u0131 \u015eerit \u2014 K\u0131l\u0131f Ba\u015f\u0131na E\u015fsiz<\/li>\n<li class=\"font-claude-response-body whitespace-normal break-words pl-2\">Desen: \u015eeritli \u2014 geni\u015flik ve d\u00fczen par\u00e7a ba\u015f\u0131na de\u011fi\u015fir<\/li>\n<li class=\"font-claude-response-body whitespace-normal break-words pl-2\">Kenar Bitirimi: Pipetli \u0130plik Kenar<\/li>\n<li class=\"font-claude-response-body whitespace-normal break-words pl-2\">Kapan\u0131\u015f: Gizli Fermuar<\/li>\n<li class=\"font-claude-response-body whitespace-normal break-words pl-2\">Bak\u0131m: Kuru Temizleme \u00d6nerilir<\/li>\n<\/ul>\n","protected":false},"excerpt":{"rendered":"<p class=\"font-claude-response-body break-words whitespace-normal leading-[1.7]\">This handwoven stripe kilim cushion cover is a genuinely unique piece \u2014 no two are ever exactly alike. Featuring a beautiful handwoven stripe pattern cut from genuine kilim, each cover carries its own distinct color combination and stripe rhythm, making it a completely individual addition to your home. Whether you prefer bold and dramatic or soft and subtle, every cover in this collection has its own personality and story.<\/p>\n<p class=\"font-claude-response-body break-words whitespace-normal leading-[1.7]\">Size: 50 x 50 cm | Zipper closure | Insert not included<\/p>\n","protected":false},"featured_media":7196,"comment_status":"closed","ping_status":"closed","template":"","meta":{"_acf_changed":false,"_gspb_post_css":"","jetpack_publicize_message":"{title}\n\n{excerpt}\n\n{url}","jetpack_publicize_feature_enabled":true,"jetpack_social_post_already_shared":true,"jetpack_social_options":{"image_generator_settings":{"template":"highway","default_image_id":0,"font":"","enabled":false},"version":2},"_wpas_customize_per_network":false},"product_brand":[],"product_cat":[1768,1782],"product_tag":[4069,3042,4278,2903,4075,4538],"class_list":["post-8377","product","type-product","status-publish","has-post-thumbnail","product_cat-cuscini-kilim","product_cat-cuscini-kilim-moderni","product_tag-boho-ev-aksesuarlari","product_tag-eklektik-ev-dekoru","product_tag-el-yapimi-yastik-ortusu","product_tag-kilim-ev-dekoru","product_tag-kilim-kumas-yastik","product_tag-kilim","first","instock","sold-individually","shipping-taxable","purchasable","product-type-simple"],"bundled_by":[],"bundle_stock_status":"instock","bundle_stock_quantity":1,"bundle_virtual":false,"bundle_layout":"","bundle_add_to_cart_form_location":"","bundle_editable_in_cart":false,"bundle_sold_individually_context":"","bundle_item_grouping":"","bundle_min_size":"","bundle_max_size":"","bundle_price":[],"bundled_items":[],"bundle_sell_ids":[],"ct_brands":[],"acf":{"length":50,"width":50,"weight":0,"approximate_dimensions":true,"location":""},"jetpack_publicize_connections":[],"jetpack_sharing_enabled":true,"jetpack_likes_enabled":true,"_links":{"self":[{"href":"https:\/\/kelimshop.com\/it\/wp-json\/wp\/v2\/product\/8377","targetHints":{"allow":["GET"]}}],"collection":[{"href":"https:\/\/kelimshop.com\/it\/wp-json\/wp\/v2\/product"}],"about":[{"href":"https:\/\/kelimshop.com\/it\/wp-json\/wp\/v2\/types\/product"}],"replies":[{"embeddable":true,"href":"https:\/\/kelimshop.com\/it\/wp-json\/wp\/v2\/comments?post=8377"}],"wp:featuredmedia":[{"embeddable":true,"href":"https:\/\/kelimshop.com\/it\/wp-json\/wp\/v2\/media\/7196"}],"wp:attachment":[{"href":"https:\/\/kelimshop.com\/it\/wp-json\/wp\/v2\/media?parent=8377"}],"wp:term":[{"taxonomy":"product_brand","embeddable":true,"href":"https:\/\/kelimshop.com\/it\/wp-json\/wp\/v2\/product_brand?post=8377"},{"taxonomy":"product_cat","embeddable":true,"href":"https:\/\/kelimshop.com\/it\/wp-json\/wp\/v2\/product_cat?post=8377"},{"taxonomy":"product_tag","embeddable":true,"href":"https:\/\/kelimshop.com\/it\/wp-json\/wp\/v2\/product_tag?post=8377"}],"curies":[{"name":"wp","href":"https:\/\/api.w.org\/{rel}","templated":true}]}}