{"id":8542,"date":"2026-06-08T08:39:29","date_gmt":"2026-06-08T06:39:29","guid":{"rendered":"https:\/\/kelimshop.com\/?post_type=product&#038;p=7224"},"modified":"2026-06-25T12:16:00","modified_gmt":"2026-06-25T10:16:00","slug":"handwoven-kilim-cushion-cover-48","status":"publish","type":"product","link":"https:\/\/kelimshop.com\/it\/prodotto\/handwoven-kilim-cushion-cover-48\/","title":{"rendered":"Housse de coussin en kilim tiss\u00e9e \u00e0 la main"},"content":{"rendered":"<p class=\"font-claude-response-body break-words whitespace-normal leading-[1.7]\">Bu iki el dokumas\u0131 kilim yast\u0131k k\u0131l\u0131f\u0131, renk ve zanaat dokumac\u0131l\u0131\u011f\u0131n\u0131n ger\u00e7ek bir kutlamas\u0131d\u0131r. Her k\u0131l\u0131f, farkl\u0131 \u015ferit geni\u015flikleri, y\u00f6nleri ve renk hikayelerinin bir araya geldi\u011fi birden fazla panelden olu\u015fmaktad\u0131r. Sonu\u00e7 olarak, katmanl\u0131, zengin ve tamamen canl\u0131 bir his veren bir tasar\u0131m ortaya \u00e7\u0131kmaktad\u0131r; bak\u0131ld\u0131k\u00e7a daha fazla derinlik ve karma\u015f\u0131kl\u0131k a\u00e7\u0131\u011fa \u00e7\u0131kmaktad\u0131r.<\/p>\n<p class=\"font-claude-response-body break-words whitespace-normal leading-[1.7]\"><strong>Kapak Bir<\/strong>, y\u00fczeyini birbirine uyumlu bir \u015fekilde oturan \u00fc\u00e7 ayr\u0131 panel \u015feklinde b\u00f6ler. \u00dcst b\u00f6l\u00fcm, ada\u00e7ay\u0131 ye\u015fili, lime sar\u0131s\u0131 ve serin gri renklerinde geni\u015f dikey \u015feritler ta\u015f\u0131r &#8211; taze, do\u011fal ve a\u00e7\u0131k. A\u015fa\u011f\u0131da solda, alt\u0131n sar\u0131s\u0131 ve yanm\u0131\u015f turuncu renklerinde geni\u015f yatay \u015feritler devral\u0131r, alt yar\u0131ya s\u0131cakl\u0131k getirip daha yava\u015f, daha c\u00f6mert bir ritim kazand\u0131r\u0131r. Sa\u011fda, derin magenta, k\u0131rm\u0131z\u0131, turuncu ve ye\u015fil renklerinde yo\u011fun g\u00f6rsel dokulara sahip ince dikey \u015feritlerin bulundu\u011fu bir panel, renk ve enerji ile dolup ta\u015fan canl\u0131, neredeyse duvar hal\u0131s\u0131 benzeri bir doku yarat\u0131r. \u00dc\u00e7 panel, \u00fc\u00e7 ki\u015filik &#8211; bir g\u00fczelce birle\u015fmi\u015f kapak.<\/p>\n<p class=\"font-claude-response-body break-words whitespace-normal leading-[1.7]\"><strong>Kapak \u0130ki<\/strong>, ayn\u0131 palet ile \u00e7al\u0131\u015fmakta fakat bunu farkl\u0131 bir \u015fekilde d\u00fczenlemektedir. Alt\u0131n kehribar, yanm\u0131\u015f turuncu ve s\u0131cak krem renklerinde cesur dikey \u015feritler, k\u0131l\u0131f\u0131n \u00fcst \u00fc\u00e7te birini domine eder &#8211; geni\u015f, s\u0131cak ve kendine g\u00fcvenen. Orta k\u0131s\u0131mda, sage ye\u015fili, gri ve lime renginde dar bir ge\u00e7i\u015f band\u0131 yatay olarak uzanarak, yukar\u0131daki s\u0131cak tonlarla alttaki cesur panel aras\u0131nda palet temizleyici bir i\u015flev g\u00f6rmektedir. Alt b\u00f6l\u00fcm, k\u0131rm\u0131z\u0131 ve derin mor detay bantlar\u0131 ile dokuma g\u00f6\u011f\u00fcs olan geni\u015f, zengin bir derin magenta moru ile kaplanm\u0131\u015ft\u0131r &#8211; t\u00fcm kompozisyona drama ve derinlik katar.<\/p>\n<p class=\"font-claude-response-body break-words whitespace-normal leading-[1.7]\">\u0130ki el dokumas\u0131 kilim yast\u0131k k\u0131l\u0131f\u0131 birlikte, tonlar\u0131 payla\u015f\u0131r, birbirlerinin renklerine at\u0131fta bulunur ve ger\u00e7ekten d\u00fc\u015f\u00fcn\u00fclm\u00fc\u015f ve \u00f6zenle haz\u0131rlanm\u0131\u015f bir set olu\u015fturur. Onlar\u0131 bir kanepe \u00fczerinde cesur bir maximalist ifadeyle birlikte tarzland\u0131rabilir veya evinizin farkl\u0131 alanlar\u0131nda s\u0131cakl\u0131k ve renk ta\u015f\u0131mak i\u00e7in tekil kullanabilirsiniz.<\/p>\n<p class=\"font-claude-response-body break-words whitespace-normal leading-[1.7]\"><strong>\u00d6zellikler<\/strong><\/p>\n<ul class=\"[li_&amp;]:mb-0 [li_&amp;]:mt-1 [li_&amp;]:gap-1 [&amp;:not(:last-child)_ul]:pb-1 [&amp;:not(:last-child)_ol]:pb-1 list-disc flex flex-col gap-1 pl-8 mb-3\">\n<li class=\"font-claude-response-body whitespace-normal break-words pl-2\">2 el dokumas\u0131 kilim yast\u0131k k\u0131l\u0131f\u0131 seti<\/li>\n<li class=\"font-claude-response-body whitespace-normal break-words pl-2\">Design multi-panneau \u2014 sections \u00e0 rayures et blocs de couleur<\/li>\n<li class=\"font-claude-response-body whitespace-normal break-words pl-2\">Palette riche de jaune dor\u00e9, vert, orange et magenta<\/li>\n<li class=\"font-claude-response-body whitespace-normal break-words pl-2\">Chaque couverture unique dans l&#8217;agencement des panneaux et l&#8217;\u00e9quilibre des couleurs<\/li>\n<li class=\"font-claude-response-body whitespace-normal break-words pl-2\">Construction en laine naturelle tiss\u00e9e \u00e0 la main<\/li>\n<li class=\"font-claude-response-body whitespace-normal break-words pl-2\">Finition en corde cr\u00e8me avec contour<\/li>\n<li class=\"font-claude-response-body whitespace-normal break-words pl-2\">\u00c9tiquette tiss\u00e9e de la marque Kilimshop<\/li>\n<li class=\"font-claude-response-body whitespace-normal break-words pl-2\">Fermeture \u00e9clair cach\u00e9e<\/li>\n<li class=\"font-claude-response-body whitespace-normal break-words pl-2\">Nettoyage \u00e0 sec recommand\u00e9<\/li>\n<\/ul>\n<p class=\"font-claude-response-body break-words whitespace-normal leading-[1.7]\"><strong>Taille &amp; sp\u00e9cifications<\/strong><\/p>\n<ul class=\"[li_&amp;]:mb-0 [li_&amp;]:mt-1 [li_&amp;]:gap-1 [&amp;:not(:last-child)_ul]:pb-1 [&amp;:not(:last-child)_ol]:pb-1 list-disc flex flex-col gap-1 pl-8 mb-3\">\n<li class=\"font-claude-response-body whitespace-normal break-words pl-2\">Taille : environ 45 x 45 cm (18&#8243; x 18&#8243;)<\/li>\n<li class=\"font-claude-response-body whitespace-normal break-words pl-2\">Quantit\u00e9 : ensemble de 2<\/li>\n<li class=\"font-claude-response-body whitespace-normal break-words pl-2\">Mat\u00e9riau : laine naturelle<\/li>\n<li class=\"font-claude-response-body whitespace-normal break-words pl-2\">Style : rayures modernes mult Panneaux et blocs de couleur<\/li>\n<li class=\"font-claude-response-body whitespace-normal break-words pl-2\">Couleurs : jaune dor\u00e9, vert sauge, orange br\u00fbl\u00e9, magenta, cr\u00e8me, lime, gris<\/li>\n<li class=\"font-claude-response-body whitespace-normal break-words pl-2\">Finition des bords : contour en corde cr\u00e8me<\/li>\n<li class=\"font-claude-response-body whitespace-normal break-words pl-2\">Fermeture : fermeture \u00e9clair cach\u00e9e<\/li>\n<li class=\"font-claude-response-body whitespace-normal break-words pl-2\">Entretien : nettoyage \u00e0 sec recommand\u00e9<\/li>\n<\/ul>\n","protected":false},"excerpt":{"rendered":"<p class=\"font-claude-response-body break-words whitespace-normal leading-[1.7]\">This handwoven cushion cover is a genuinely unique piece \u2014 no two are ever exactly alike. Featuring a beautiful handwoven stripe pattern cut from genuine kilim, each cover carries its own distinct color combination and stripe rhythm, making it a completely individual addition to your home. Whether you prefer bold and dramatic or soft and subtle, every cover in this collection has its own personality and story.<\/p>\n<p class=\"font-claude-response-body break-words whitespace-normal leading-[1.7]\">Size: ca 45 x 45\u00a0 cm | Zipper closure | Insert not included<\/p>\n","protected":false},"featured_media":7226,"comment_status":"closed","ping_status":"closed","template":"","meta":{"_acf_changed":false,"_gspb_post_css":"","jetpack_publicize_message":"{title}\n\n{excerpt}\n\n{url}","jetpack_publicize_feature_enabled":true,"jetpack_social_post_already_shared":true,"jetpack_social_options":{"image_generator_settings":{"template":"highway","default_image_id":0,"font":"","enabled":false},"version":2},"_wpas_customize_per_network":false},"product_brand":[],"product_cat":[1768,1782],"product_tag":[4065,4072,4069,4082,2903,4075],"class_list":["post-8542","product","type-product","status-publish","has-post-thumbnail","product_cat-cuscini-kilim","product_cat-cuscini-kilim-moderni","product_tag-45x45-yastik-kilif-seti","product_tag-cagdas-kilim-yastigi","product_tag-boho-ev-aksesuarlari","product_tag-essiz-kilim-yastik-seti","product_tag-kilim-ev-dekoru","product_tag-kilim-kumas-yastik","first","instock","sold-individually","shipping-taxable","purchasable","product-type-simple"],"bundled_by":[],"bundle_stock_status":"instock","bundle_stock_quantity":1,"bundle_virtual":false,"bundle_layout":"","bundle_add_to_cart_form_location":"","bundle_editable_in_cart":false,"bundle_sold_individually_context":"","bundle_item_grouping":"","bundle_min_size":"","bundle_max_size":"","bundle_price":[],"bundled_items":[],"bundle_sell_ids":[],"ct_brands":[],"acf":{"length":45,"width":45,"weight":0,"approximate_dimensions":true,"location":""},"jetpack_publicize_connections":[],"jetpack_sharing_enabled":true,"jetpack_likes_enabled":true,"_links":{"self":[{"href":"https:\/\/kelimshop.com\/it\/wp-json\/wp\/v2\/product\/8542","targetHints":{"allow":["GET"]}}],"collection":[{"href":"https:\/\/kelimshop.com\/it\/wp-json\/wp\/v2\/product"}],"about":[{"href":"https:\/\/kelimshop.com\/it\/wp-json\/wp\/v2\/types\/product"}],"replies":[{"embeddable":true,"href":"https:\/\/kelimshop.com\/it\/wp-json\/wp\/v2\/comments?post=8542"}],"wp:featuredmedia":[{"embeddable":true,"href":"https:\/\/kelimshop.com\/it\/wp-json\/wp\/v2\/media\/7226"}],"wp:attachment":[{"href":"https:\/\/kelimshop.com\/it\/wp-json\/wp\/v2\/media?parent=8542"}],"wp:term":[{"taxonomy":"product_brand","embeddable":true,"href":"https:\/\/kelimshop.com\/it\/wp-json\/wp\/v2\/product_brand?post=8542"},{"taxonomy":"product_cat","embeddable":true,"href":"https:\/\/kelimshop.com\/it\/wp-json\/wp\/v2\/product_cat?post=8542"},{"taxonomy":"product_tag","embeddable":true,"href":"https:\/\/kelimshop.com\/it\/wp-json\/wp\/v2\/product_tag?post=8542"}],"curies":[{"name":"wp","href":"https:\/\/api.w.org\/{rel}","templated":true}]}}