{"id":9065,"date":"2026-06-05T00:05:57","date_gmt":"2026-06-04T22:05:57","guid":{"rendered":"https:\/\/kelimshop.com\/?post_type=product&#038;p=6824"},"modified":"2026-06-25T12:21:15","modified_gmt":"2026-06-25T10:21:15","slug":"handwoven-kilim-cushion-cover-26","status":"publish","type":"product","link":"https:\/\/kelimshop.com\/it\/prodotto\/handwoven-kilim-cushion-cover-26\/","title":{"rendered":"El dokuma Kilim Yast\u0131k K\u0131l\u0131f\u0131"},"content":{"rendered":"<p class=\"font-claude-response-body break-words whitespace-normal leading-[1.7]\">Bu el dokumas\u0131 kilim yast\u0131k k\u0131l\u0131f\u0131, m\u00fckemmel bir \u015fekilde dengelenmi\u015f dikey renk blok kompozisyonunda bir araya getirilmi\u015f iki ger\u00e7ek kilim panelinden yap\u0131lm\u0131\u015ft\u0131r. Temiz, cesur ve sadeli\u011finde derin bir tatmin duygusu vererek, bu k\u0131l\u0131f ger\u00e7ek el dokumas\u0131 kilimin d\u00fcr\u00fcst g\u00fczelli\u011finin t\u00fcm i\u015flevini g\u00f6rmesini sa\u011flar \u2014 iki renk, iki panel, bir ola\u011fan\u00fcst\u00fc k\u0131l\u0131f.<\/p>\n<p class=\"font-claude-response-body break-words whitespace-normal leading-[1.7]\">Bir panelin belirgin \u015fekilde bask\u0131n oldu\u011fu bir\u00e7ok renk blok tasar\u0131m\u0131n\u0131n aksine, bu el dokumas\u0131 kilim yast\u0131k k\u0131l\u0131f\u0131 her iki panele de e\u015fit a\u011f\u0131rl\u0131k veriyor \u2014 sol ve sa\u011f, so\u011fuk ve s\u0131cak, kat\u0131 ve hafif tonlu \u2014 modern ve zamans\u0131z bir his veren m\u00fckemmel g\u00f6rsel denge kompozisyonu yarat\u0131yor.<\/p>\n<h3 class=\"text-text-100 mt-3 -mb-1 text-[1.125rem] font-bold\">Mavi ve K\u0131rm\u0131z\u0131 \u2014 M\u00fckemmel Renk Denge<\/h3>\n<p class=\"font-claude-response-body break-words whitespace-normal leading-[1.7]\">Bu el dokumas\u0131 renkli yast\u0131k k\u0131l\u0131f\u0131n\u0131n g\u00fczelli\u011fi, iki farkl\u0131 rengin \u2014 biri so\u011fuk ve sakin, di\u011feri s\u0131cak ve canl\u0131 \u2014 nas\u0131l m\u00fckemmel bir denge i\u00e7inde bir araya geldi\u011findedir.<\/p>\n<p class=\"font-claude-response-body break-words whitespace-normal leading-[1.7]\">Sol Panel \u2014 G\u00f6ky\u00fcz\u00fc Mavisi \u2014 k\u0131l\u0131f\u0131n sol yar\u0131s\u0131n\u0131 dolduran geni\u015f bir saf g\u00f6ky\u00fcz\u00fc teal mavi kilim alan\u0131. Saf, sakin ve tamamen a\u00e7\u0131k \u2014 desen yok, varyasyon yok, sadece taze, net bir mavi tonunda ger\u00e7ek el dokumas\u0131 kilimin g\u00fczel do\u011fal dokusu. Dokumadaki hafif do\u011fal varyasyon, y\u00fczeye bir organik s\u0131cakl\u0131k katar ki, bas\u0131l\u0131 kuma\u015flar bunu asla taklit edemez.<\/p>\n<p class=\"font-claude-response-body break-words whitespace-normal leading-[1.7]\">Sa\u011f Panel \u2014 Tonal K\u0131rm\u0131z\u0131 Turuncu \u2014 sa\u011f yar\u0131, hafif dikey \u015ferit varyasyonuna sahip tonal k\u0131rm\u0131z\u0131 ve yanm\u0131\u015f turuncu kilim paneli ile kapl\u0131 \u2014 baz\u0131 alanlarda daha derin bir k\u0131rm\u0131z\u0131, di\u011ferlerinde daha s\u0131cak bir turuncu \u2014 sol panelin serin mavisiyle ho\u015f bir \u015fekilde parlayan zengin dokulu bir y\u00fczey olu\u015fturarak yak\u0131ndan bak\u0131ld\u0131\u011f\u0131nda bu panelin ilk g\u00f6r\u00fcnd\u00fc\u011f\u00fcnden daha ilgin\u00e7 hale gelmesini sa\u011fl\u0131yor \u2014 ger\u00e7ek el dokumas\u0131 kilimin do\u011fal renk varyasyonu ile canl\u0131.<\/p>\n<p class=\"font-claude-response-body break-words whitespace-normal leading-[1.7]\">\u0130ki panel aras\u0131ndaki dikey diki\u015f temiz ve hassas \u2014 s\u0131cak ile so\u011fuk aras\u0131ndaki grafikten g\u00fc\u00e7l\u00fc bir g\u00fcvenle b\u00f6l\u00fcnen cesur bir \u00e7izgi. Birlikte bu el dokumas\u0131 kilim yast\u0131k k\u0131l\u0131f\u0131, m\u00fckemmel dengelenmi\u015f soyut bir sanat eseri kadar tatmin edici bir kompozisyon yarat\u0131r.<\/p>\n<h3 class=\"text-text-100 mt-3 -mb-1 text-[1.125rem] font-bold\">\u00dcr\u00fcn Detaylar\u0131<\/h3>\n<ul class=\"[li_&amp;]:mb-0 [li_&amp;]:mt-1 [li_&amp;]:gap-1 [&amp;:not(:last-child)_ul]:pb-1 [&amp;:not(:last-child)_ol]:pb-1 list-disc flex flex-col gap-1 pl-8 mb-3\">\n<li class=\"font-claude-response-body whitespace-normal break-words pl-2\">Tek el dokuma ger\u00e7ek kilim yast\u0131k k\u0131l\u0131f\u0131<\/li>\n<li class=\"font-claude-response-body whitespace-normal break-words pl-2\">Cesur iki panelli dikey renk blok deseni<\/li>\n<li class=\"font-claude-response-body whitespace-normal break-words pl-2\">Renkler: G\u00f6k Mavi &amp; Tonal K\u0131rm\u0131z\u0131 Turuncu<\/li>\n<li class=\"font-claude-response-body whitespace-normal break-words pl-2\">Temiz ve taze bir biti\u015f i\u00e7in beyaz pipetli kenarlar<\/li>\n<li class=\"font-claude-response-body whitespace-normal break-words pl-2\">Kolay yerle\u015ftirme \u00e7\u0131karma i\u00e7in fermuarl\u0131 kapan\u0131\u015f<\/li>\n<li class=\"font-claude-response-body whitespace-normal break-words pl-2\">Boyut: yakla\u015f\u0131k 45 x 45 cm (18&#8243; x 18&#8243;)<\/li>\n<li class=\"font-claude-response-body whitespace-normal break-words pl-2\">Yast\u0131k i\u00e7i dahil de\u011fildir<\/li>\n<\/ul>\n<h3 class=\"text-text-100 mt-3 -mb-1 text-[1.125rem] font-bold\">Stil Fikirleri<\/h3>\n<p class=\"font-claude-response-body break-words whitespace-normal leading-[1.7]\">Bu el dokuma kilim yast\u0131k k\u0131l\u0131f\u0131, modern, minimalist, \u0130skandinav, k\u0131y\u0131sal veya boho i\u00e7 mekanlar i\u00e7in m\u00fckemmel bir uyum sa\u011fl\u0131yor. E\u015fit mavi ve k\u0131rm\u0131z\u0131 kompozisyon, beyaz, gri, krem veya do\u011fal keten d\u00f6\u015femelerle harika \u00e7al\u0131\u015f\u0131r \u2014 ifade edici olabilecek kadar cesur, fakat neredeyse her renk paletiyle uyum sa\u011flayacak kadar basit. Di\u011fer mavi, k\u0131rm\u0131z\u0131 veya turuncu renkteki d\u00fcz veya \u00e7izgili kilim k\u0131l\u0131flar\u0131yla cesur bir kolektif g\u00f6r\u00fcn\u00fcm i\u00e7in bir araya getirin ya da n\u00f6tr bir i\u00e7 mekanda temiz grafikleri vurgulamak i\u00e7in tek ba\u015f\u0131na kullan\u0131n.<\/p>\n<p class=\"font-claude-response-body break-words whitespace-normal leading-[1.7]\">Cesur renklere ve d\u00fcr\u00fcst el yap\u0131m\u0131 ev aksesuarlar\u0131na tutkunlar i\u00e7in harika ve ger\u00e7ekten benzersiz bir hediye.<\/p>\n","protected":false},"excerpt":{"rendered":"<p class=\"font-claude-response-body break-words whitespace-normal leading-[1.7]\">This handwoven kilim cushion cover is clean, confident and beautifully balanced. The cover is divided perfectly in two \u2014 a large solid sky blue panel on the left meeting a rich tonal red and orange stripe panel on the right \u2014 warm meets cool in one bold, equal composition. Simple, striking and completely unique in genuine handwoven kilim.<\/p>\n<p class=\"font-claude-response-body break-words whitespace-normal leading-[1.7]\">Size: ca 45 x 45 cm | Zipper closure | Insert not included<\/p>\n","protected":false},"featured_media":9066,"comment_status":"closed","ping_status":"closed","template":"","meta":{"_acf_changed":false,"_gspb_post_css":"","jetpack_publicize_message":"{title}\n\n{excerpt}\n\n{url}","jetpack_publicize_feature_enabled":true,"jetpack_social_post_already_shared":true,"jetpack_social_options":{"image_generator_settings":{"template":"highway","default_image_id":0,"font":"","enabled":false},"version":2},"_wpas_customize_per_network":false},"product_brand":[],"product_cat":[1768,1782],"product_tag":[3036,4072,4069,2903,4075,4071],"class_list":["post-9065","product","type-product","status-publish","has-post-thumbnail","product_cat-cuscini-kilim","product_cat-cuscini-kilim-moderni","product_tag-45x45-yastik-kilifi","product_tag-cagdas-kilim-yastigi","product_tag-boho-ev-aksesuarlari","product_tag-kilim-ev-dekoru","product_tag-kilim-kumas-yastik","product_tag-renk-bloklu-kilim-yastik","first","instock","sold-individually","shipping-taxable","purchasable","product-type-simple"],"bundled_by":[],"bundle_stock_status":"instock","bundle_stock_quantity":1,"bundle_virtual":false,"bundle_layout":"","bundle_add_to_cart_form_location":"","bundle_editable_in_cart":false,"bundle_sold_individually_context":"","bundle_item_grouping":"","bundle_min_size":"","bundle_max_size":"","bundle_price":[],"bundled_items":[],"bundle_sell_ids":[],"ct_brands":[],"acf":{"length":45,"width":45,"weight":0,"approximate_dimensions":true,"location":""},"jetpack_publicize_connections":[],"jetpack_sharing_enabled":true,"jetpack_likes_enabled":true,"_links":{"self":[{"href":"https:\/\/kelimshop.com\/it\/wp-json\/wp\/v2\/product\/9065","targetHints":{"allow":["GET"]}}],"collection":[{"href":"https:\/\/kelimshop.com\/it\/wp-json\/wp\/v2\/product"}],"about":[{"href":"https:\/\/kelimshop.com\/it\/wp-json\/wp\/v2\/types\/product"}],"replies":[{"embeddable":true,"href":"https:\/\/kelimshop.com\/it\/wp-json\/wp\/v2\/comments?post=9065"}],"wp:featuredmedia":[{"embeddable":true,"href":"https:\/\/kelimshop.com\/it\/wp-json\/wp\/v2\/media\/9066"}],"wp:attachment":[{"href":"https:\/\/kelimshop.com\/it\/wp-json\/wp\/v2\/media?parent=9065"}],"wp:term":[{"taxonomy":"product_brand","embeddable":true,"href":"https:\/\/kelimshop.com\/it\/wp-json\/wp\/v2\/product_brand?post=9065"},{"taxonomy":"product_cat","embeddable":true,"href":"https:\/\/kelimshop.com\/it\/wp-json\/wp\/v2\/product_cat?post=9065"},{"taxonomy":"product_tag","embeddable":true,"href":"https:\/\/kelimshop.com\/it\/wp-json\/wp\/v2\/product_tag?post=9065"}],"curies":[{"name":"wp","href":"https:\/\/api.w.org\/{rel}","templated":true}]}}