{"id":9349,"date":"2026-05-25T14:07:28","date_gmt":"2026-05-25T12:07:28","guid":{"rendered":"https:\/\/kelimshop.com\/?post_type=product&#038;p=6224"},"modified":"2026-06-25T12:22:49","modified_gmt":"2026-06-25T10:22:49","slug":"handwoven-kilim-cushion-cover-14","status":"publish","type":"product","link":"https:\/\/kelimshop.com\/it\/prodotto\/handwoven-kilim-cushion-cover-14\/","title":{"rendered":"El dokumas\u0131 Kilim Yast\u0131k K\u0131l\u0131f\u0131"},"content":{"rendered":"<p class=\"font-claude-response-body break-words whitespace-normal leading-[1.7]\">Bu el dokumas\u0131 kilim yast\u0131k k\u0131l\u0131f\u0131, ger\u00e7ek kilimden yap\u0131lm\u0131\u015ft\u0131r ve geleneksel kabile kilim dokuma sanat\u0131n\u0131n en ikonik ve sevilen motiflerini sergilemektedir. Renk, desen ve el yap\u0131m\u0131 dokusu bak\u0131m\u0131ndan zengin olup, herhangi bir i\u00e7 mekan\u0131n an\u0131nda s\u0131cakl\u0131k ve global zanaat karakteri katmaktad\u0131r.<\/p>\n<p class=\"font-claude-response-body break-words whitespace-normal leading-[1.7]\">Bu el dokumas\u0131 kilim yast\u0131k k\u0131l\u0131f\u0131n\u0131n y\u00fczeyi, her biri kendi desen hikayesini anlatan ve ayn\u0131 s\u0131cak renk ailesini payla\u015fan iki g\u00fczel z\u0131t dikey b\u00f6l\u00fcme ayr\u0131lm\u0131\u015ft\u0131r. Soldaki b\u00f6l\u00fcm, yanm\u0131\u015f turuncu, soluk pembe ve gri tonlar\u0131nda yo\u011fun birbirine ge\u00e7mi\u015f geometrik formlar \u00fczerinde b\u00fcy\u00fck bir elmas madalyon motifi ile dikkat \u00e7ekerken; sa\u011fdaki b\u00f6l\u00fcm, derin koyu \u00e7ikolata kahverengi zemin \u00fczerinde \u00e7apraz y\u0131ld\u0131z motifleri ve kum saati formlar\u0131yla daha karanl\u0131k ve daha yap\u0131land\u0131r\u0131lm\u0131\u015f bir kompozisyona ge\u00e7mektedir, krem, turuncu ve gri ile vurgulu \u2014 daha k\u0131demli ve resmi ama el yap\u0131m\u0131 detaylarda e\u015fit zenginlikte.<\/p>\n<h3 class=\"text-text-100 mt-3 -mb-1 text-[1.125rem] font-bold\">Kilimin Tekil E\u015fsiz Par\u00e7as\u0131<\/h3>\n<p class=\"font-claude-response-body break-words whitespace-normal leading-[1.7]\">Bu el dokumas\u0131 kilim yast\u0131k k\u0131l\u0131f\u0131n\u0131 ger\u00e7ekten \u00f6zel k\u0131lan \u015fey, benzersizli\u011fidir \u2014 belirli bir el dokumas\u0131 kilim kesiminden kesildi\u011fi i\u00e7in, iki k\u0131l\u0131f asla ayn\u0131 de\u011fildir. Motiflerin kombinasyonu, renklerin dengesi ve dokuman\u0131n dokusu tamamen benzersizdir.<\/p>\n<p class=\"font-claude-response-body break-words whitespace-normal leading-[1.7]\">Palet g\u00fczel bir \u015fekilde s\u0131cak ve karma\u015f\u0131k \u2014 yanm\u0131\u015f turuncu, mercan pembesi, soluk g\u00fcl, s\u0131cak gri, krem ve koyu \u00e7ikolata kahverengi \u2014 ger\u00e7ek el dokumas\u0131 kilim tasar\u0131m\u0131n\u0131n getirdi\u011fi zenginlik ve uyumla birlikte \u00e7al\u0131\u015fan tonlar.<\/p>\n<h3 class=\"text-text-100 mt-3 -mb-1 text-[1.125rem] font-bold\">\u00dcr\u00fcn Detaylar\u0131<\/h3>\n<ul class=\"[li_&amp;]:mb-0 [li_&amp;]:mt-1 [li_&amp;]:gap-1 [&amp;:not(:last-child)_ul]:pb-1 [&amp;:not(:last-child)_ol]:pb-1 list-disc flex flex-col gap-1 pl-8 mb-3\">\n<li class=\"font-claude-response-body whitespace-normal break-words pl-2\">Tek el dokumas\u0131 ger\u00e7ek kilim yast\u0131k k\u0131l\u0131f\u0131<\/li>\n<li class=\"font-claude-response-body whitespace-normal break-words pl-2\">Cesur elmas madalyon, ba\u011fl\u0131 geometrik ve y\u0131ld\u0131z motif deseni<\/li>\n<li class=\"font-claude-response-body whitespace-normal break-words pl-2\">Renkler: Yanm\u0131\u015f Turuncu, Mercan Pembesi, Soluk G\u00fcl, Gri, Krem &amp; Koyu Kahverengi<\/li>\n<li class=\"font-claude-response-body whitespace-normal break-words pl-2\">S\u0131cak zengin bir son i\u00e7in burgonya pipet kenarlar<\/li>\n<li class=\"font-claude-response-body whitespace-normal break-words pl-2\">Kolay yast\u0131k \u00e7\u0131kar\u0131m\u0131 i\u00e7in fermuarl\u0131 kapama<\/li>\n<li class=\"font-claude-response-body whitespace-normal break-words pl-2\">Boyut: 45 x 45 cm (18&#8243; x 18&#8243;)<\/li>\n<li class=\"font-claude-response-body whitespace-normal break-words pl-2\">Yast\u0131k i\u00e7eri\u011fi dahil de\u011fildir<\/li>\n<\/ul>\n<h3 class=\"text-text-100 mt-3 -mb-1 text-[1.125rem] font-bold\">Stil Fikirleri<\/h3>\n<p class=\"font-claude-response-body break-words whitespace-normal leading-[1.7]\">Bu el dokumas\u0131 kilim yast\u0131k k\u0131l\u0131f\u0131, boho, Marake\u015f, k\u00fcresel, eklektik veya rustik i\u00e7 mekanlar i\u00e7in m\u00fckemmel bir uyumdur. S\u0131cak turuncu, pembe ve kahverengi paleti, do\u011fal keten, koyu deri, ya\u015fl\u0131 ah\u015fap veya kadife d\u00f6\u015femenin \u00fczerine muhte\u015fem bir g\u00f6r\u00fcn\u00fcm sergiliyor. N\u00f6tr bir kanepede cesur bir odak noktas\u0131 olarak kullan\u0131n veya turuncu, kahverengi veya gri tonlarda di\u011fer kilim veya d\u00fcz renkli yast\u0131klarla katmanlayarak zengin bir koleksiyon boho g\u00f6r\u00fcn\u00fcm\u00fc elde edin.<\/p>\n<p class=\"font-claude-response-body break-words whitespace-normal leading-[1.7]\">Cesur desenleri ve ger\u00e7ek el yap\u0131m\u0131 ev aksesuarlar\u0131n\u0131 seven herkes i\u00e7in ger\u00e7ekten benzersiz ve unutulmaz bir hediye.<\/p>\n","protected":false},"excerpt":{"rendered":"<p class=\"font-claude-response-body break-words whitespace-normal leading-[1.7]\">This handwoven kilim cushion cover is richly patterned, warm and full of tribal character. Featuring bold diamond medallions, hooked geometric motifs and star patterns in a vibrant palette of burnt orange, dusty pink, grey, cream and dark chocolate brown \u2014 this is a single, completely unique cover handwoven from genuine kilim. A stunning statement piece for any sofa, chair or bed.<\/p>\n<p class=\"font-claude-response-body break-words whitespace-normal leading-[1.7]\">Size: ca 45 x 45 cm | Zipper closure | Insert not included<\/p>\n","protected":false},"featured_media":6225,"comment_status":"closed","ping_status":"closed","template":"","meta":{"_acf_changed":false,"_gspb_post_css":"","jetpack_publicize_message":"{title}\n\n{excerpt}\n\n{url}","jetpack_publicize_feature_enabled":true,"jetpack_social_post_already_shared":true,"jetpack_social_options":{"image_generator_settings":{"template":"highway","default_image_id":0,"font":"","enabled":false},"version":2},"_wpas_customize_per_network":false},"product_brand":[],"product_cat":[1768,1796,1775],"product_tag":[3036,3042,2903,4075],"class_list":["post-9349","product","type-product","status-publish","has-post-thumbnail","product_cat-cuscini-kilim","product_cat-cuscini-kilim-tradizionali","product_cat-cuscini-kilim-antichi","product_tag-45x45-yastik-kilifi","product_tag-eklektik-ev-dekoru","product_tag-kilim-ev-dekoru","product_tag-kilim-kumas-yastik","first","instock","sold-individually","shipping-taxable","purchasable","product-type-simple"],"bundled_by":[],"bundle_stock_status":"instock","bundle_stock_quantity":1,"bundle_virtual":false,"bundle_layout":"","bundle_add_to_cart_form_location":"","bundle_editable_in_cart":false,"bundle_sold_individually_context":"","bundle_item_grouping":"","bundle_min_size":"","bundle_max_size":"","bundle_price":[],"bundled_items":[],"bundle_sell_ids":[],"ct_brands":[],"acf":{"length":45,"width":45,"weight":0,"approximate_dimensions":true,"location":""},"jetpack_publicize_connections":[],"jetpack_sharing_enabled":true,"jetpack_likes_enabled":true,"_links":{"self":[{"href":"https:\/\/kelimshop.com\/it\/wp-json\/wp\/v2\/product\/9349","targetHints":{"allow":["GET"]}}],"collection":[{"href":"https:\/\/kelimshop.com\/it\/wp-json\/wp\/v2\/product"}],"about":[{"href":"https:\/\/kelimshop.com\/it\/wp-json\/wp\/v2\/types\/product"}],"replies":[{"embeddable":true,"href":"https:\/\/kelimshop.com\/it\/wp-json\/wp\/v2\/comments?post=9349"}],"wp:featuredmedia":[{"embeddable":true,"href":"https:\/\/kelimshop.com\/it\/wp-json\/wp\/v2\/media\/6225"}],"wp:attachment":[{"href":"https:\/\/kelimshop.com\/it\/wp-json\/wp\/v2\/media?parent=9349"}],"wp:term":[{"taxonomy":"product_brand","embeddable":true,"href":"https:\/\/kelimshop.com\/it\/wp-json\/wp\/v2\/product_brand?post=9349"},{"taxonomy":"product_cat","embeddable":true,"href":"https:\/\/kelimshop.com\/it\/wp-json\/wp\/v2\/product_cat?post=9349"},{"taxonomy":"product_tag","embeddable":true,"href":"https:\/\/kelimshop.com\/it\/wp-json\/wp\/v2\/product_tag?post=9349"}],"curies":[{"name":"wp","href":"https:\/\/api.w.org\/{rel}","templated":true}]}}