{"id":9416,"date":"2026-05-25T20:00:46","date_gmt":"2026-05-25T18:00:46","guid":{"rendered":"https:\/\/kelimshop.com\/?post_type=product&#038;p=6245"},"modified":"2026-06-25T12:22:22","modified_gmt":"2026-06-25T10:22:22","slug":"handwoven-flame-kilim-cushion","status":"publish","type":"product","link":"https:\/\/kelimshop.com\/it\/prodotto\/handwoven-flame-kilim-cushion\/","title":{"rendered":"Perna din kilim cu fl\u0103c\u0103ri \u021besut\u0103 manual"},"content":{"rendered":"<p class=\"font-claude-response-body break-words whitespace-normal leading-[1.7]\">Bu el dokumas\u0131 alev kilim yast\u0131k k\u0131l\u0131f\u0131 seti, ger\u00e7ek kilimden yap\u0131lm\u0131\u015ft\u0131r ve yaln\u0131zca otantik el dokumas\u0131 kabile tasar\u0131m\u0131n\u0131n \u00fcretebilece\u011fi cesur, ham g\u00f6rsel enerjiyi sunar. Dramatik, s\u0131cak ve derinden atmosferik olan bu \u00e7ift, herhangi bir ya\u015fam alan\u0131na an\u0131nda ate\u015f ve ki\u015filik getirir.<\/p>\n<p class=\"font-claude-response-body break-words whitespace-normal leading-[1.7]\">Bu el dokumas\u0131 alev kilim yast\u0131k k\u0131l\u0131f\u0131 setindeki her k\u0131l\u0131f, y\u00fczey boyunca ate\u015f dilleri veya f\u0131rt\u0131nayla s\u00fcr\u00fcklenen dalgalar gibi akan ve \u00e7arp\u0131c\u0131 bir kabile motifi ile bask\u0131n bir \u015fekilde kaplanm\u0131\u015ft\u0131r. Renk paleti, bu etkileyici durumu g\u00fczel bir \u015fekilde g\u00fc\u00e7lendirir &#8211; k\u0131pk\u0131rm\u0131z\u0131 ve derin k\u0131rm\u0131z\u0131 zemin \u00fczerinde alev alev yanm\u0131\u015f turuncu bask\u0131nken, k\u00f6m\u00fcr siyah\u0131 alev bi\u00e7imleri y\u00fczeyde dramatik bir \u015fekilde kesilir ve s\u0131cak taupe ile gri alanlar, ate\u015fli kompozisyona derinlik ve kontrast katar.<\/p>\n<h3 class=\"text-text-100 mt-3 -mb-1 text-[1.125rem] font-bold\">\u0130ki K\u0131l\u0131f &#8211; Ayn\u0131 Ate\u015f, Farkl\u0131 Y\u00fcz<\/h3>\n<p class=\"font-claude-response-body break-words whitespace-normal leading-[1.7]\">Her iki k\u0131l\u0131f da ayn\u0131 cesur alev motifi desenini ve renk ailesini payla\u015f\u0131r; her biri, alev bi\u00e7imleri ve renk dengesi a\u00e7\u0131s\u0131ndan kendi benzersiz d\u00fczenini sergiler &#8211; bu, ger\u00e7ek el dokuma kilim zanaatkarl\u0131\u011f\u0131n\u0131n do\u011fal bir sonucudur.<\/p>\n<p class=\"font-claude-response-body break-words whitespace-normal leading-[1.7]\">Birinci K\u0131l\u0131f, biraz daha yatay bir alev kompozisyonuna sahiptir &#8211; siyah bi\u00e7imler, turuncu ve k\u0131rm\u0131z\u0131 zemin \u00fczerinde geni\u015f, dramatik darbelerle yay\u0131l\u0131rken, taupe alanlar ate\u015fli unsurlar aras\u0131nda nefes alan bir bo\u015fluk sa\u011flar.<\/p>\n<p class=\"font-claude-response-body break-words whitespace-normal leading-[1.7]\">\u0130kinci K\u0131l\u0131f, alev motiflerini daha dinamik, \u00e7e\u015fitli bir d\u00fczende g\u00f6sterir &#8211; siyah ve gri bi\u00e7imler, yo\u011fun turuncu ve k\u0131rm\u0131z\u0131 zemin \u00fczerinde farkl\u0131 \u00f6l\u00e7ekler ve a\u00e7\u0131larla ortaya \u00e7\u0131karak daha katmanl\u0131 ve enerjik bir y\u00fczey kompozisyonu yarat\u0131r.<\/p>\n<p class=\"font-claude-response-body break-words whitespace-normal leading-[1.7]\">Her iki k\u0131l\u0131f da her iki taraf\u0131nda orijinal franjl\u0131 kilim kenar\u0131 ile s\u00fcslenmi\u015ftir &#8211; bu, ger\u00e7ek kilim k\u00f6kenlerini do\u011frudan yans\u0131tan g\u00fczel bir otantik ayr\u0131nt\u0131d\u0131r ve harika bir \u015fekilde ham, kabilevi bir son dokunu\u015f ekler.<\/p>\n<p class=\"font-claude-response-body break-words whitespace-normal leading-[1.7]\">Bir araya geldi\u011finde, bu el dokumas\u0131 alev kilim yast\u0131k k\u0131l\u0131f\u0131 seti g\u00fc\u00e7l\u00fc, uyumlu bir \u00e7ift olu\u015fturur &#8211; ayn\u0131 alevli kabile ruhuyla birle\u015fmi\u015f iki ayr\u0131 par\u00e7a.<\/p>\n<h3 class=\"text-text-100 mt-3 -mb-1 text-[1.125rem] font-bold\">\u00dcr\u00fcn Detaylar\u0131<\/h3>\n<ul class=\"[li_&amp;]:mb-0 [li_&amp;]:mt-1 [li_&amp;]:gap-1 [&amp;:not(:last-child)_ul]:pb-1 [&amp;:not(:last-child)_ol]:pb-1 list-disc flex flex-col gap-1 pl-8 mb-3\">\n<li class=\"font-claude-response-body whitespace-normal break-words pl-2\">Set halinde 2 adet el dokumas\u0131 ger\u00e7ek kilim yast\u0131k k\u0131l\u0131f\u0131<\/li>\n<li class=\"font-claude-response-body whitespace-normal break-words pl-2\">Cesur b\u00fcy\u00fck \u00f6l\u00e7ekli alev ve \u00e7arp\u0131c\u0131 zigzag kabile motifi<\/li>\n<li class=\"font-claude-response-body whitespace-normal break-words pl-2\">Colors: Portocalie ars\u0103, Ro\u0219u profund, Negru c\u0103rbune &amp; Taupe cald<\/li>\n<li class=\"font-claude-response-body whitespace-normal break-words pl-2\">Margini originale cu franjuri de kilim \u2014 detaliu tribal autentic<\/li>\n<li class=\"font-claude-response-body whitespace-normal break-words pl-2\">\u00cenchidere cu fermoar pe fiecare hus\u0103 pentru o u\u0219oar\u0103 \u00eendep\u0103rtare a inserturilor<\/li>\n<li class=\"font-claude-response-body whitespace-normal break-words pl-2\">Dimensiune: cca 45 x 45 cm fiecare (18&#8243; x 18&#8243;)<\/li>\n<li class=\"font-claude-response-body whitespace-normal break-words pl-2\">Inserturi pentru perne nu sunt incluse<\/li>\n<\/ul>\n<h3 class=\"text-text-100 mt-3 -mb-1 text-[1.125rem] font-bold\">Idei de stil<\/h3>\n<p class=\"font-claude-response-body break-words whitespace-normal leading-[1.7]\">Aceast\u0103 hus\u0103 de perna din kilim cu fl\u0103c\u0103ri, \u021besut\u0103 manual, set de 2 este un potrivire perfect\u0103 pentru interioare boho, marocane, maximaliste, rustice sau eclectice. Paleta de portocaliu aprins, ro\u0219u \u0219i negru arat\u0103 spectaculos pe fundal de piele \u00eenchis\u0103, in natural, lemn \u00eemb\u0103tr\u00e2nit sau tapi\u021berie gri neutr\u0103. Stiliza\u021bi ambele huse \u00eempreun\u0103 pentru o declara\u021bie tribala \u00eendr\u0103znea\u021b\u0103, sau folosi\u021bi una ca un punct focal atr\u0103g\u0103tor, \u00eenconjurat\u0103 de companioni solidi de portocalie, ro\u0219u sau c\u0103rbune.<\/p>\n<p class=\"font-claude-response-body break-words whitespace-normal leading-[1.7]\">Un cadou cu adev\u0103rat unic \u0219i memorabil pentru oricine iube\u0219te accesoriile de cas\u0103 \u00eendr\u0103zne\u021be, f\u0103cute manual, cu un caracter tribal real.<\/p>\n","protected":false},"excerpt":{"rendered":"<p class=\"font-claude-response-body break-words whitespace-normal leading-[1.7]\">This handwoven flame kilim cushion cover set of 2 is fierce, fiery and impossible to ignore. Each cover features a dramatic large-scale flame and jagged zigzag motif in blazing burnt orange, deep red, charcoal black and warm taupe \u2014 like a desert sunset captured in handwoven kilim. Two beautifully matched covers with the same bold tribal fire energy, each uniquely handwoven from genuine kilim.<\/p>\n<p class=\"font-claude-response-body break-words whitespace-normal leading-[1.7]\">Size: ca 45 x 45 cm each | \u00a0Zipper closure | Inserts not included<\/p>\n","protected":false},"featured_media":6246,"comment_status":"closed","ping_status":"closed","template":"","meta":{"_acf_changed":false,"_gspb_post_css":"","jetpack_publicize_message":"{title}\n\n{excerpt}\n\n{url}","jetpack_publicize_feature_enabled":true,"jetpack_social_post_already_shared":true,"jetpack_social_options":{"image_generator_settings":{"template":"highway","default_image_id":0,"font":"","enabled":false},"version":2},"_wpas_customize_per_network":false},"product_brand":[],"product_cat":[1768,1775],"product_tag":[4064,4065,3039,3042,4082,2903,4075],"class_list":["post-9416","product","type-product","status-publish","has-post-thumbnail","product_cat-cuscini-kilim","product_cat-cuscini-kilim-antichi","product_tag-18x18-yastik-kilif-seti","product_tag-45x45-yastik-kilif-seti","product_tag-boho-yastik-seti","product_tag-eklektik-ev-dekoru","product_tag-essiz-kilim-yastik-seti","product_tag-kilim-ev-dekoru","product_tag-kilim-kumas-yastik","first","instock","sold-individually","shipping-taxable","purchasable","product-type-simple"],"bundled_by":[],"bundle_stock_status":"instock","bundle_stock_quantity":1,"bundle_virtual":false,"bundle_layout":"","bundle_add_to_cart_form_location":"","bundle_editable_in_cart":false,"bundle_sold_individually_context":"","bundle_item_grouping":"","bundle_min_size":"","bundle_max_size":"","bundle_price":[],"bundled_items":[],"bundle_sell_ids":[],"ct_brands":[],"acf":{"length":45,"width":45,"weight":0,"approximate_dimensions":true,"location":""},"jetpack_publicize_connections":[],"jetpack_sharing_enabled":true,"jetpack_likes_enabled":true,"_links":{"self":[{"href":"https:\/\/kelimshop.com\/it\/wp-json\/wp\/v2\/product\/9416","targetHints":{"allow":["GET"]}}],"collection":[{"href":"https:\/\/kelimshop.com\/it\/wp-json\/wp\/v2\/product"}],"about":[{"href":"https:\/\/kelimshop.com\/it\/wp-json\/wp\/v2\/types\/product"}],"replies":[{"embeddable":true,"href":"https:\/\/kelimshop.com\/it\/wp-json\/wp\/v2\/comments?post=9416"}],"wp:featuredmedia":[{"embeddable":true,"href":"https:\/\/kelimshop.com\/it\/wp-json\/wp\/v2\/media\/6246"}],"wp:attachment":[{"href":"https:\/\/kelimshop.com\/it\/wp-json\/wp\/v2\/media?parent=9416"}],"wp:term":[{"taxonomy":"product_brand","embeddable":true,"href":"https:\/\/kelimshop.com\/it\/wp-json\/wp\/v2\/product_brand?post=9416"},{"taxonomy":"product_cat","embeddable":true,"href":"https:\/\/kelimshop.com\/it\/wp-json\/wp\/v2\/product_cat?post=9416"},{"taxonomy":"product_tag","embeddable":true,"href":"https:\/\/kelimshop.com\/it\/wp-json\/wp\/v2\/product_tag?post=9416"}],"curies":[{"name":"wp","href":"https:\/\/api.w.org\/{rel}","templated":true}]}}