{"id":14609,"date":"2026-07-03T16:58:02","date_gmt":"2026-07-03T14:58:02","guid":{"rendered":"https:\/\/kelimshop.com\/product\/art-deco\/"},"modified":"2026-07-11T22:58:56","modified_gmt":"2026-07-11T20:58:56","slug":"art-deco-handknuten-ullmatta","status":"publish","type":"product","link":"https:\/\/kelimshop.com\/sv\/produkt\/art-deco-handknuten-ullmatta\/","title":{"rendered":"Art Deco handknuten ullmatta"},"content":{"rendered":"<p>Art Deco handknutna ullmatta kollektionen \u00e4r bland de mest framst\u00e5ende och eftertraktade mattstilarna, beundrad f\u00f6r sina raffinerade geometriska m\u00f6nster, sofistikerade f\u00e4rgpaletter och anm\u00e4rkningsv\u00e4rd konstn\u00e4rlig detalj. Att skapa dessa handknutna mjuka Art Deco-mattor kr\u00e4ver \u00e5r av erfarenhet, precision och avancerade knyttekniker som har g\u00e5tt i arv genom generationer av skickliga afghanska hantverkare. Varje Art Deco handknuten ullmatta \u00e4r individuellt handknuten med extraordin\u00e4r uppm\u00e4rksamhet p\u00e5 detaljer, vilket resulterar i ett unikt stycke som \u00e5terspeglar b\u00e5de tradition och samtida lyx. De subtila texturerna, harmoniska tonerna och den eleganta designen g\u00f6r denna matta till ett exceptionellt val f\u00f6r moderna, samtida och klassiska interi\u00f6rer. Mer \u00e4n ett dekorativt element representerar denna matta en tradition av konstn\u00e4rskap och hantverk som f\u00f6rvandlar varje rum med v\u00e4rme, karakt\u00e4r och sofistikering. Varje stycke \u00e4r unikt och b\u00e4r signaturen av hantverkarens skicklighet och den kulturella arvet fr\u00e5n norra Afghanistan. Nyckelfunktioner \u2705 \u00c4kta handgjord afghansk matta \u2705 Expertknuten i Afghanistan \u2705 Exklusiv Art Deco-kollektion \u2705 Raffinerade geometriska m\u00f6nster \u2705 Premium naturliga material \u2705 Enast\u00e5ende knytthantverk \u2705 Storlek: 300 x 260 cm \u2705 L\u00e4mplig f\u00f6r vardagsrum, sovrum, matsalar och kontor<\/p>\n","protected":false},"excerpt":{"rendered":"<p class=\"font-claude-response-body break-words whitespace-normal\">Denna fantastiska Art Deco handknutna ullmatta har ett elegant storskaligt blomm\u00f6nster och botaniska motiv &#8211; graci\u00f6sa Rosor, palmetter och fl\u00f6dande vinrankor &#8211; satt mot en vackert mjuk abrash bakgrund. Den f\u00f6rfinade ramramen full\u00e4ndar kompositionen med tyst klassisk elegans. Handknuten av m\u00e4starhantverkare i Afghanistan, detta \u00e4r ett helt unikt, en av en sorts stycke.<\/p>\n<p class=\"font-claude-response-body break-words whitespace-normal\">Storlek: 300 x 260 cm | Handknuten<\/p>\n","protected":false},"featured_media":14610,"comment_status":"closed","ping_status":"closed","template":"","meta":{"_acf_changed":false,"_gspb_post_css":"","jetpack_publicize_message":"{title}\n\n{excerpt}\n\n{url}","jetpack_publicize_feature_enabled":true,"jetpack_social_post_already_shared":true,"jetpack_social_options":{"image_generator_settings":{"template":"highway","default_image_id":0,"font":"","enabled":false},"version":2},"_wpas_customize_per_network":false},"product_brand":[],"product_cat":[1681,3576,1687],"product_tag":[3578,3577,3580,3581,3952,3584,3583,3582,3585,3586,3957,3954,3951,3955,3956,3579,3950,3949,3587,3953],"class_list":["post-14609","product","type-product","status-publish","has-post-thumbnail","product_cat-alla-mattor","product_cat-art-deco-mattor","product_cat-handknutna-mattor","product_tag-afghansk-matta","product_tag-afghanmatta","product_tag-art-deco-matta","product_tag-geometrisk-matta","product_tag-handgjord-afghan-art-deco-matta","product_tag-handgjord-matta","product_tag-handgjord-mattor","product_tag-handknuten-matta","product_tag-hemdekoration","product_tag-inredningsdesign","product_tag-kontorsmatta","product_tag-lyxmatta","product_tag-matta-for-matsalen","product_tag-modern-matta","product_tag-naturlig-ull","product_tag-omrade-matta","product_tag-samtida-matta","product_tag-sovrumsmatta","product_tag-ull-matta","product_tag-vardagsrumsmatta","first","instock","shipping-taxable","purchasable","product-type-simple"],"bundled_by":[],"bundle_stock_status":"instock","bundle_stock_quantity":1,"bundle_virtual":false,"bundle_layout":"","bundle_add_to_cart_form_location":"","bundle_editable_in_cart":false,"bundle_sold_individually_context":"","bundle_item_grouping":"","bundle_min_size":"","bundle_max_size":"","bundle_price":[],"bundled_items":[],"bundle_sell_ids":[],"ct_brands":[],"acf":{"length":300,"width":260,"weight":0,"approximate_dimensions":false,"location":"300x250 art deco"},"jetpack_publicize_connections":[],"jetpack_sharing_enabled":true,"jetpack_likes_enabled":true,"_links":{"self":[{"href":"https:\/\/kelimshop.com\/sv\/wp-json\/wp\/v2\/product\/14609","targetHints":{"allow":["GET"]}}],"collection":[{"href":"https:\/\/kelimshop.com\/sv\/wp-json\/wp\/v2\/product"}],"about":[{"href":"https:\/\/kelimshop.com\/sv\/wp-json\/wp\/v2\/types\/product"}],"replies":[{"embeddable":true,"href":"https:\/\/kelimshop.com\/sv\/wp-json\/wp\/v2\/comments?post=14609"}],"wp:featuredmedia":[{"embeddable":true,"href":"https:\/\/kelimshop.com\/sv\/wp-json\/wp\/v2\/media\/14610"}],"wp:attachment":[{"href":"https:\/\/kelimshop.com\/sv\/wp-json\/wp\/v2\/media?parent=14609"}],"wp:term":[{"taxonomy":"product_brand","embeddable":true,"href":"https:\/\/kelimshop.com\/sv\/wp-json\/wp\/v2\/product_brand?post=14609"},{"taxonomy":"product_cat","embeddable":true,"href":"https:\/\/kelimshop.com\/sv\/wp-json\/wp\/v2\/product_cat?post=14609"},{"taxonomy":"product_tag","embeddable":true,"href":"https:\/\/kelimshop.com\/sv\/wp-json\/wp\/v2\/product_tag?post=14609"}],"curies":[{"name":"wp","href":"https:\/\/api.w.org\/{rel}","templated":true}]}}