{"id":16468,"date":"2026-07-10T00:09:41","date_gmt":"2026-07-09T22:09:41","guid":{"rendered":"https:\/\/kelimshop.com\/product\/art-deco\/"},"modified":"2026-07-11T22:50:24","modified_gmt":"2026-07-11T20:50:24","slug":"exceptionell-handgjord-art-deco-matta","status":"publish","type":"product","link":"https:\/\/kelimshop.com\/sv\/produkt\/exceptionell-handgjord-art-deco-matta\/","title":{"rendered":"Exceptionell handgjord Art Deco matta"},"content":{"rendered":"<p class=\"font-claude-response-body break-words whitespace-normal\">Uppt\u00e4ck den extraordin\u00e4ra konsten av detta exceptionella Art Deco-handgjorda mattor, som m\u00e4sterligt knutits f\u00f6r hand av skickliga hantverkare i norra Afghanistan d\u00e4r sekler av mattv\u00e4vningstradition m\u00f6ter o\u00f6vertr\u00e4ffad hantverksskicklighet. Denna exceptionella Art Deco-handgjorda matta st\u00e5r som en av de mest hyllade och f\u00f6rfinade mattstilarna som finns tillg\u00e4ngliga idag.<\/p>\n<h3 class=\"text-text-100 mt-3 -mb-1 text-[1.125rem] font-bold\">Art Deco Handgjord Ullmatta Hantverk och Detalj<\/h3>\n<p class=\"font-claude-response-body break-words whitespace-normal\">Varje exceptionell Art Deco-handgjord matta kr\u00e4ver exceptionell skicklighet och m\u00e5nga \u00e5rs h\u00e4ngiven tr\u00e4ning och precisa knyttekniker som har f\u00f6rts vidare genom generationer av afghanska m\u00e4starv\u00e4vare. Resultatet \u00e4r ett vackert detaljerat verk d\u00e4r varje knut ber\u00e4ttar en historia om t\u00e5lamod, tradition och hantverksm\u00e4ssig excellens. Sofistikerade m\u00f6nster, naturliga texturer och elegant tonharmoni g\u00f6r denna matta till en anm\u00e4rkningsv\u00e4rd till\u00e4gg till vilket inre som helst, modernt, klassiskt eller samtida.<\/p>\n<h3 class=\"text-text-100 mt-3 -mb-1 text-[1.125rem] font-bold\">Varf\u00f6r denna Art Deco-handgjorda ullmatta h\u00f6r hemma i ditt hem<\/h3>\n<p class=\"font-claude-response-body break-words whitespace-normal\">F\u00f6rutom sin visuella sk\u00f6nhet \u00e4r denna matta en \u00e4kta del av afghansk kulturarv som b\u00e4r hantverkarens personliga pr\u00e4gel i varje handknuten knut.<\/p>\n<p class=\"font-claude-response-body break-words whitespace-normal\"><strong>\u2714\ufe0f Nyckelfunktioner:<\/strong><\/p>\n<ul class=\"[li_&amp;]:mb-0 [li_&amp;]:mt-1 [li_&amp;]:gap-1 [&amp;:not(:last-child)_ul]:pb-1 [&amp;:not(:last-child)_ol]:pb-1 list-disc flex flex-col gap-1 pl-8 mb-3\">\n<li class=\"font-claude-response-body whitespace-normal break-words pl-2\">Exklusiv Art Deco-handgjord ullmatta<\/li>\n<li class=\"font-claude-response-body whitespace-normal break-words pl-2\">M\u00e4sterligt handknuten i norra Afghanistan<\/li>\n<li class=\"font-claude-response-body whitespace-normal break-words pl-2\">Sofistikerade geometriska och botaniska m\u00f6nster<\/li>\n<li class=\"font-claude-response-body whitespace-normal break-words pl-2\">Premium naturliga ullmaterial<\/li>\n<li class=\"font-claude-response-body whitespace-normal break-words pl-2\">Utm\u00e4rkt knutprecision och detalj<\/li>\n<li class=\"font-claude-response-body whitespace-normal break-words pl-2\">Storlek: 298&#215;250 cm<\/li>\n<li class=\"font-claude-response-body whitespace-normal break-words pl-2\">Perfekt f\u00f6r vardagsrum, sovrum, matsalar och kontor<\/li>\n<\/ul>\n","protected":false},"excerpt":{"rendered":"<p class=\"font-claude-response-body break-words whitespace-normal\">Beundra den tidl\u00f6sa sk\u00f6nheten hos denna exceptionella handgjorda Art Deco matta som visar en fantastisk helhet av botaniska kompositioner av graci\u00f6sa blomsterformer, intrikata palmetter och delikat fl\u00f6dande vinrullar, placerade mot en rikt texturerad mjuk abrash-bakgrund. En m\u00e4sterligt utf\u00f6rd klassisk kant ramar in hela designen med raffinerad elegans. Varje knut \u00e4r knuten f\u00f6r hand av m\u00e4starhantverkare i norra Afghanistan vilket g\u00f6r detta till ett genuint oers\u00e4ttligt, unikt stycke.<\/p>\n<p class=\"font-claude-response-body break-words whitespace-normal\"><strong>Storlek:<\/strong> 298 x 250 cm | Handknuten<\/p>\n","protected":false},"featured_media":15735,"comment_status":"closed","ping_status":"closed","template":"","meta":{"_acf_changed":false,"_gspb_post_css":"","jetpack_publicize_message":"{title}\n\n{excerpt}\n\n{url}","jetpack_publicize_feature_enabled":true,"jetpack_social_post_already_shared":true,"jetpack_social_options":{"image_generator_settings":{"template":"highway","default_image_id":0,"font":"","enabled":false},"version":2},"_wpas_customize_per_network":false},"product_brand":[],"product_cat":[1681,3576,1687],"product_tag":[3578,3577,3580,3581,3952,3584,3583,3582,3585,3586,3957,3954,3951,3955,3956,3579,3950,3949,3587,3953],"class_list":["post-16468","product","type-product","status-publish","has-post-thumbnail","product_cat-alla-mattor","product_cat-art-deco-mattor","product_cat-handknutna-mattor","product_tag-afghansk-matta","product_tag-afghanmatta","product_tag-art-deco-matta","product_tag-geometrisk-matta","product_tag-handgjord-afghan-art-deco-matta","product_tag-handgjord-matta","product_tag-handgjord-mattor","product_tag-handknuten-matta","product_tag-hemdekoration","product_tag-inredningsdesign","product_tag-kontorsmatta","product_tag-lyxmatta","product_tag-matta-for-matsalen","product_tag-modern-matta","product_tag-naturlig-ull","product_tag-omrade-matta","product_tag-samtida-matta","product_tag-sovrumsmatta","product_tag-ull-matta","product_tag-vardagsrumsmatta","first","instock","shipping-taxable","purchasable","product-type-simple"],"bundled_by":[],"bundle_stock_status":"instock","bundle_stock_quantity":1,"bundle_virtual":false,"bundle_layout":"","bundle_add_to_cart_form_location":"","bundle_editable_in_cart":false,"bundle_sold_individually_context":"","bundle_item_grouping":"","bundle_min_size":"","bundle_max_size":"","bundle_price":[],"bundled_items":[],"bundle_sell_ids":[],"ct_brands":[],"acf":{"length":298,"width":250,"weight":0,"approximate_dimensions":true,"location":"300x250 art deco"},"jetpack_publicize_connections":[],"jetpack_sharing_enabled":true,"jetpack_likes_enabled":true,"_links":{"self":[{"href":"https:\/\/kelimshop.com\/sv\/wp-json\/wp\/v2\/product\/16468","targetHints":{"allow":["GET"]}}],"collection":[{"href":"https:\/\/kelimshop.com\/sv\/wp-json\/wp\/v2\/product"}],"about":[{"href":"https:\/\/kelimshop.com\/sv\/wp-json\/wp\/v2\/types\/product"}],"replies":[{"embeddable":true,"href":"https:\/\/kelimshop.com\/sv\/wp-json\/wp\/v2\/comments?post=16468"}],"wp:featuredmedia":[{"embeddable":true,"href":"https:\/\/kelimshop.com\/sv\/wp-json\/wp\/v2\/media\/15735"}],"wp:attachment":[{"href":"https:\/\/kelimshop.com\/sv\/wp-json\/wp\/v2\/media?parent=16468"}],"wp:term":[{"taxonomy":"product_brand","embeddable":true,"href":"https:\/\/kelimshop.com\/sv\/wp-json\/wp\/v2\/product_brand?post=16468"},{"taxonomy":"product_cat","embeddable":true,"href":"https:\/\/kelimshop.com\/sv\/wp-json\/wp\/v2\/product_cat?post=16468"},{"taxonomy":"product_tag","embeddable":true,"href":"https:\/\/kelimshop.com\/sv\/wp-json\/wp\/v2\/product_tag?post=16468"}],"curies":[{"name":"wp","href":"https:\/\/api.w.org\/{rel}","templated":true}]}}